{"id":2666,"date":"2023-06-08T11:19:05","date_gmt":"2023-06-08T11:19:05","guid":{"rendered":"https:\/\/mapitrekkingperu.com\/?page_id=2666"},"modified":"2023-06-08T15:26:15","modified_gmt":"2023-06-08T15:26:15","slug":"shop-1","status":"publish","type":"page","link":"https:\/\/mapitrekkingperu.com\/en\/shop-1\/","title":{"rendered":"Shop"},"content":{"rendered":"<div data-elementor-type=\"wp-page\" data-elementor-id=\"2666\" class=\"elementor elementor-2666\">\n\t\t\t\t\t\t<section class=\"elementor-section elementor-top-section elementor-element elementor-element-4b0beff elementor-section-boxed elementor-section-height-default elementor-section-height-default\" data-id=\"4b0beff\" data-element_type=\"section\" data-settings=\"{&quot;ekit_has_onepagescroll_dot&quot;:&quot;yes&quot;}\">\n\t\t\t\t\t\t<div class=\"elementor-container elementor-column-gap-default\">\n\t\t\t\t\t<div class=\"elementor-column elementor-col-100 elementor-top-column elementor-element elementor-element-bbba812\" data-id=\"bbba812\" data-element_type=\"column\">\n\t\t\t<div class=\"elementor-widget-wrap elementor-element-populated\">\n\t\t\t\t\t\t<div class=\"elementor-element elementor-element-0bae5b4 elementor-widget elementor-widget-turio_package_one\" data-id=\"0bae5b4\" data-element_type=\"widget\" data-settings=\"{&quot;ekit_we_effect_on&quot;:&quot;none&quot;}\" data-widget_type=\"turio_package_one.default\">\n\t\t\t\t<div class=\"elementor-widget-container\">\n\t\t\t\t\t    <div class=\"package-area package-style-one\">\n\t\t<div class=\"container\">\n\t\t\t<div class=\"row g-4\">\n            \t\t\t\t\t\t\t\t\t<div class=\"col-xl-4 col-lg-4 col-md-6 col-sm-10\">\n\t\t\t\t                    <div class=\"package-card-alpha wow animate fadeInUp\" data-wow-duration=\"1500ms\" data-wow-delay=\"400ms\">\n                        <div class=\"package-thumb\">\n                            <a href=\"https:\/\/mapitrekkingperu.com\/en\/producto\/lima-peru\/\">\n                                                                    <img fetchpriority=\"high\" decoding=\"async\" width=\"600\" height=\"600\" src=\"https:\/\/mapitrekkingperu.com\/wp-content\/uploads\/2023\/04\/Lima-602-1.jpg\" class=\"attachment-package-card size-package-card wp-post-image\" alt=\"\" srcset=\"https:\/\/mapitrekkingperu.com\/wp-content\/uploads\/2023\/04\/Lima-602-1.jpg 600w, https:\/\/mapitrekkingperu.com\/wp-content\/uploads\/2023\/04\/Lima-602-1-300x300.jpg 300w, https:\/\/mapitrekkingperu.com\/wp-content\/uploads\/2023\/04\/Lima-602-1-150x150.jpg 150w\" sizes=\"(max-width: 600px) 100vw, 600px\" \/>                                                            <\/a>\n                                                        \t <p class=\"card-lavel\">\n\t\t\t\t\t\t\t\t\t\t\t\t\t\t\t\t\t\t\t<i class=\"bi bi-clock\"><\/i> \n\t\t\t\t\t\t\t\t\t\t                                \t\t                            <\/p>\n                                                    <\/div>\n                        <div class=\"package-card-body\">\n                        \t\t                        \t<h3 class=\"p-card-title\">\n\t                                <a href=\"https:\/\/mapitrekkingperu.com\/en\/producto\/lima-peru\/\">\n\t                                    Lima \u2013 Peru\t                                <\/a>\n\t                            <\/h3>\n                        \t                            <h6 class=\"destination-address\">\n\t\t\t\t\t\t\t\t<i class=\"bi bi-geo-alt\"><\/i>\n\t\t\t\t\t\t\t\tLima\t\t\t\t\t\t\t<\/h6>\n                            <div class=\"p-card-bottom\">\n                            \t                            \t\t<div class=\"book-btn\">\n\t                                    <a href=\"https:\/\/mapitrekkingperu.com\/en\/producto\/lima-peru\/\">\n\t                                    \t\t\t\t\t\t\t\t\t\t\tReserva Ahora\t\t\t\t\t\t\t\t\t\t\t                                    \t\t\t\t\t\t\t\t\t\t\t\t\t<i class='bx bxs-right-arrow-alt'><\/i>\n\t\t\t\t\t\t\t\t\t\t\t\t                                \t<\/a>\n\t                                <\/div>\n                            \t\t\t\t\t\t\t\t\t                            <\/div>\n                        <\/div>\n                    <\/div>\n                <\/div>\n                \t\t\t\t\t\t\t\t\t<div class=\"col-xl-4 col-lg-4 col-md-6 col-sm-10\">\n\t\t\t\t                    <div class=\"package-card-alpha wow animate fadeInUp\" data-wow-duration=\"1500ms\" data-wow-delay=\"600ms\">\n                        <div class=\"package-thumb\">\n                            <a href=\"https:\/\/mapitrekkingperu.com\/en\/producto\/cusco-peru\/\">\n                                                                    <img decoding=\"async\" width=\"600\" height=\"600\" src=\"https:\/\/mapitrekkingperu.com\/wp-content\/uploads\/2023\/04\/CUSCO-PERU-1.jpg\" class=\"attachment-package-card size-package-card wp-post-image\" alt=\"\" srcset=\"https:\/\/mapitrekkingperu.com\/wp-content\/uploads\/2023\/04\/CUSCO-PERU-1.jpg 600w, https:\/\/mapitrekkingperu.com\/wp-content\/uploads\/2023\/04\/CUSCO-PERU-1-300x300.jpg 300w, https:\/\/mapitrekkingperu.com\/wp-content\/uploads\/2023\/04\/CUSCO-PERU-1-150x150.jpg 150w\" sizes=\"(max-width: 600px) 100vw, 600px\" \/>                                                            <\/a>\n                                                        \t <p class=\"card-lavel\">\n\t\t\t\t\t\t\t\t\t\t\t\t\t\t\t\t\t\t\t<i class=\"bi bi-clock\"><\/i> \n\t\t\t\t\t\t\t\t\t\t                                \t\t                            <\/p>\n                                                    <\/div>\n                        <div class=\"package-card-body\">\n                        \t\t                        \t<h3 class=\"p-card-title\">\n\t                                <a href=\"https:\/\/mapitrekkingperu.com\/en\/producto\/cusco-peru\/\">\n\t                                    Cusco Per\u00fa\t                                <\/a>\n\t                            <\/h3>\n                        \t                            <h6 class=\"destination-address\">\n\t\t\t\t\t\t\t\t<i class=\"bi bi-geo-alt\"><\/i>\n\t\t\t\t\t\t\t\tCusco\t\t\t\t\t\t\t<\/h6>\n                            <div class=\"p-card-bottom\">\n                            \t                            \t\t<div class=\"book-btn\">\n\t                                    <a href=\"https:\/\/mapitrekkingperu.com\/en\/producto\/cusco-peru\/\">\n\t                                    \t\t\t\t\t\t\t\t\t\t\tReserva Ahora\t\t\t\t\t\t\t\t\t\t\t                                    \t\t\t\t\t\t\t\t\t\t\t\t\t<i class='bx bxs-right-arrow-alt'><\/i>\n\t\t\t\t\t\t\t\t\t\t\t\t                                \t<\/a>\n\t                                <\/div>\n                            \t\t\t\t\t\t\t\t\t                            <\/div>\n                        <\/div>\n                    <\/div>\n                <\/div>\n                \t\t\t\t\t\t\t\t\t<div class=\"col-xl-4 col-lg-4 col-md-6 col-sm-10\">\n\t\t\t\t                    <div class=\"package-card-alpha wow animate fadeInUp\" data-wow-duration=\"1500ms\" data-wow-delay=\"800ms\">\n                        <div class=\"package-thumb\">\n                            <a href=\"https:\/\/mapitrekkingperu.com\/en\/producto\/tour-al-museo-larco-almuerzo-o-cena\/\">\n                                                                    <img decoding=\"async\" width=\"600\" height=\"600\" src=\"https:\/\/mapitrekkingperu.com\/wp-content\/uploads\/2023\/04\/Tour-al-Museo-Larco-3-1.jpg\" class=\"attachment-package-card size-package-card wp-post-image\" alt=\"\" srcset=\"https:\/\/mapitrekkingperu.com\/wp-content\/uploads\/2023\/04\/Tour-al-Museo-Larco-3-1.jpg 600w, https:\/\/mapitrekkingperu.com\/wp-content\/uploads\/2023\/04\/Tour-al-Museo-Larco-3-1-300x300.jpg 300w, https:\/\/mapitrekkingperu.com\/wp-content\/uploads\/2023\/04\/Tour-al-Museo-Larco-3-1-150x150.jpg 150w\" sizes=\"(max-width: 600px) 100vw, 600px\" \/>                                                            <\/a>\n                                                        \t <p class=\"card-lavel\">\n\t\t\t\t\t\t\t\t\t\t\t\t\t\t\t\t\t\t\t<i class=\"bi bi-clock\"><\/i> \n\t\t\t\t\t\t\t\t\t\t                                \t\t                            <\/p>\n                                                    <\/div>\n                        <div class=\"package-card-body\">\n                        \t\t                        \t<h3 class=\"p-card-title\">\n\t                                <a href=\"https:\/\/mapitrekkingperu.com\/en\/producto\/tour-al-museo-larco-almuerzo-o-cena\/\">\n\t                                    Tour al Museo Larco (Almuerzo o Cena)\t                                <\/a>\n\t                            <\/h3>\n                        \t                            <h6 class=\"destination-address\">\n\t\t\t\t\t\t\t\t<i class=\"bi bi-geo-alt\"><\/i>\n\t\t\t\t\t\t\t\tLima, tour en Lima\t\t\t\t\t\t\t<\/h6>\n                            <div class=\"p-card-bottom\">\n                            \t                            \t\t<div class=\"book-btn\">\n\t                                    <a href=\"https:\/\/mapitrekkingperu.com\/en\/producto\/tour-al-museo-larco-almuerzo-o-cena\/\">\n\t                                    \t\t\t\t\t\t\t\t\t\t\tReserva Ahora\t\t\t\t\t\t\t\t\t\t\t                                    \t\t\t\t\t\t\t\t\t\t\t\t\t<i class='bx bxs-right-arrow-alt'><\/i>\n\t\t\t\t\t\t\t\t\t\t\t\t                                \t<\/a>\n\t                                <\/div>\n                            \t\t\t\t\t\t\t\t\t\t                            \t<div class=\"p-card-info\">\n\t\t\t\t\t\t\t\t\t\t<span>From<\/span>\n\t\t\t\t\t\t\t\t\t\t<h6>\n\t\t\t\t\t\t\t\t\t\t\t\t\t\t\t\t\t\t\t\t\t\t\t\t\t\t\t\t\t\t\t\t\t\t\t\t$ 85\t\t\t\t\t\t\t\t\t\t\t\t\t\t\t\t\t\t\t\t\t\t\t\t\t\t\t\t\t\t\t\t\t<\/h6>\n\t\t\t\t\t\t\t\t\t<\/div>\n                            \t                            <\/div>\n                        <\/div>\n                    <\/div>\n                <\/div>\n                \t\t\t\t\t\t\t\t\t<div class=\"col-xl-4 col-lg-4 col-md-6 col-sm-10\">\n\t\t\t\t                    <div class=\"package-card-alpha wow animate fadeInUp\" data-wow-duration=\"1500ms\" data-wow-delay=\"1000ms\">\n                        <div class=\"package-thumb\">\n                            <a href=\"https:\/\/mapitrekkingperu.com\/en\/producto\/playa-tuquillo-la-pocita-full-day-2\/\">\n                                                                    <img loading=\"lazy\" decoding=\"async\" width=\"600\" height=\"600\" src=\"https:\/\/mapitrekkingperu.com\/wp-content\/uploads\/2023\/04\/tuquillo-web1.jpg\" class=\"attachment-package-card size-package-card wp-post-image\" alt=\"\" srcset=\"https:\/\/mapitrekkingperu.com\/wp-content\/uploads\/2023\/04\/tuquillo-web1.jpg 600w, https:\/\/mapitrekkingperu.com\/wp-content\/uploads\/2023\/04\/tuquillo-web1-300x300.jpg 300w, https:\/\/mapitrekkingperu.com\/wp-content\/uploads\/2023\/04\/tuquillo-web1-150x150.jpg 150w\" sizes=\"(max-width: 600px) 100vw, 600px\" \/>                                                            <\/a>\n                                                        \t <p class=\"card-lavel\">\n\t\t\t\t\t\t\t\t\t\t\t\t\t\t\t\t\t\t\t<i class=\"bi bi-clock\"><\/i> \n\t\t\t\t\t\t\t\t\t\t                                \t\t                                \t\t<span>1 day<\/span>\n\t                                \t\t                            <\/p>\n                                                    <\/div>\n                        <div class=\"package-card-body\">\n                        \t\t                        \t<h3 class=\"p-card-title\">\n\t                                <a href=\"https:\/\/mapitrekkingperu.com\/en\/producto\/playa-tuquillo-la-pocita-full-day-2\/\">\n\t                                    Playa Tuquillo \u2013 The Pocita \u2013 Full Day\t                                <\/a>\n\t                            <\/h3>\n                        \t                            <h6 class=\"destination-address\">\n\t\t\t\t\t\t\t\t<i class=\"bi bi-geo-alt\"><\/i>\n\t\t\t\t\t\t\t\tFull Days\t\t\t\t\t\t\t<\/h6>\n                            <div class=\"p-card-bottom\">\n                            \t                            \t\t<div class=\"book-btn\">\n\t                                    <a href=\"https:\/\/mapitrekkingperu.com\/en\/producto\/playa-tuquillo-la-pocita-full-day-2\/\">\n\t                                    \t\t\t\t\t\t\t\t\t\t\tReserva Ahora\t\t\t\t\t\t\t\t\t\t\t                                    \t\t\t\t\t\t\t\t\t\t\t\t\t<i class='bx bxs-right-arrow-alt'><\/i>\n\t\t\t\t\t\t\t\t\t\t\t\t                                \t<\/a>\n\t                                <\/div>\n                            \t\t\t\t\t\t\t\t\t\t                            \t<div class=\"p-card-info\">\n\t\t\t\t\t\t\t\t\t\t<span>From<\/span>\n\t\t\t\t\t\t\t\t\t\t<h6>\n\t\t\t\t\t\t\t\t\t\t\t\t\t\t\t\t\t\t\t\t\t\t\t\t\t\t\t\t\t\t\t\t\t\t\t\tS\/ 99\t\t\t\t\t\t\t\t\t\t\t\t\t\t\t\t\t\t\t\t\t\t\t\t\t\t\t\t\t\t\t\t\t<\/h6>\n\t\t\t\t\t\t\t\t\t<\/div>\n                            \t                            <\/div>\n                        <\/div>\n                    <\/div>\n                <\/div>\n                \t\t\t\t\t\t\t\t\t<div class=\"col-xl-4 col-lg-4 col-md-6 col-sm-10\">\n\t\t\t\t                    <div class=\"package-card-alpha wow animate fadeInUp\" data-wow-duration=\"1500ms\" data-wow-delay=\"1200ms\">\n                        <div class=\"package-thumb\">\n                            <a href=\"https:\/\/mapitrekkingperu.com\/en\/producto\/playa-la-mina-paracas-full-day\/\">\n                                                                    <img loading=\"lazy\" decoding=\"async\" width=\"600\" height=\"600\" src=\"https:\/\/mapitrekkingperu.com\/wp-content\/uploads\/2023\/04\/xplaya-la-mina.jpg.pagespeed.ic_.Bcp6jQ4s97.webp\" class=\"attachment-package-card size-package-card wp-post-image\" alt=\"\" srcset=\"https:\/\/mapitrekkingperu.com\/wp-content\/uploads\/2023\/04\/xplaya-la-mina.jpg.pagespeed.ic_.Bcp6jQ4s97.webp 600w, https:\/\/mapitrekkingperu.com\/wp-content\/uploads\/2023\/04\/xplaya-la-mina.jpg.pagespeed.ic_.Bcp6jQ4s97-300x300.webp 300w, https:\/\/mapitrekkingperu.com\/wp-content\/uploads\/2023\/04\/xplaya-la-mina.jpg.pagespeed.ic_.Bcp6jQ4s97-150x150.webp 150w\" sizes=\"(max-width: 600px) 100vw, 600px\" \/>                                                            <\/a>\n                                                        \t <p class=\"card-lavel\">\n\t\t\t\t\t\t\t\t\t\t\t\t\t\t\t\t\t\t\t<i class=\"bi bi-clock\"><\/i> \n\t\t\t\t\t\t\t\t\t\t                                \t\t                                \t\t<span>1 day<\/span>\n\t                                \t\t                            <\/p>\n                                                    <\/div>\n                        <div class=\"package-card-body\">\n                        \t\t                        \t<h3 class=\"p-card-title\">\n\t                                <a href=\"https:\/\/mapitrekkingperu.com\/en\/producto\/playa-la-mina-paracas-full-day\/\">\n\t                                    Playa La Mina \u2013 Paracas \u2013 Full Day\t                                <\/a>\n\t                            <\/h3>\n                        \t                            <h6 class=\"destination-address\">\n\t\t\t\t\t\t\t\t<i class=\"bi bi-geo-alt\"><\/i>\n\t\t\t\t\t\t\t\tFull Days, Ica\t\t\t\t\t\t\t<\/h6>\n                            <div class=\"p-card-bottom\">\n                            \t                            \t\t<div class=\"book-btn\">\n\t                                    <a href=\"https:\/\/mapitrekkingperu.com\/en\/producto\/playa-la-mina-paracas-full-day\/\">\n\t                                    \t\t\t\t\t\t\t\t\t\t\tReserva Ahora\t\t\t\t\t\t\t\t\t\t\t                                    \t\t\t\t\t\t\t\t\t\t\t\t\t<i class='bx bxs-right-arrow-alt'><\/i>\n\t\t\t\t\t\t\t\t\t\t\t\t                                \t<\/a>\n\t                                <\/div>\n                            \t\t\t\t\t\t\t\t\t\t                            \t<div class=\"p-card-info\">\n\t\t\t\t\t\t\t\t\t\t<span>From<\/span>\n\t\t\t\t\t\t\t\t\t\t<h6>\n\t\t\t\t\t\t\t\t\t\t\t\t\t\t\t\t\t\t\t\t\t\t\t\t\t\t\t\t\t\t\t\t\t\t\t\tS\/ 99\t\t\t\t\t\t\t\t\t\t\t\t\t\t\t\t\t\t\t\t\t\t\t\t\t\t\t\t\t\t\t\t\t<\/h6>\n\t\t\t\t\t\t\t\t\t<\/div>\n                            \t                            <\/div>\n                        <\/div>\n                    <\/div>\n                <\/div>\n                \t\t\t\t\t\t\t\t\t<div class=\"col-xl-4 col-lg-4 col-md-6 col-sm-10\">\n\t\t\t\t                    <div class=\"package-card-alpha wow animate fadeInUp\" data-wow-duration=\"1500ms\" data-wow-delay=\"1400ms\">\n                        <div class=\"package-thumb\">\n                            <a href=\"https:\/\/mapitrekkingperu.com\/en\/producto\/senderismo-y-rapel-en-el-canon-autisha\/\">\n                                                                    <img loading=\"lazy\" decoding=\"async\" width=\"600\" height=\"600\" src=\"https:\/\/mapitrekkingperu.com\/wp-content\/uploads\/2023\/04\/Adventure-excursion-from-Lima-Hiking-and-abseiling-in-the-Autisha-canyon-2.jpg\" class=\"attachment-package-card size-package-card wp-post-image\" alt=\"\" srcset=\"https:\/\/mapitrekkingperu.com\/wp-content\/uploads\/2023\/04\/Adventure-excursion-from-Lima-Hiking-and-abseiling-in-the-Autisha-canyon-2.jpg 600w, https:\/\/mapitrekkingperu.com\/wp-content\/uploads\/2023\/04\/Adventure-excursion-from-Lima-Hiking-and-abseiling-in-the-Autisha-canyon-2-300x300.jpg 300w, https:\/\/mapitrekkingperu.com\/wp-content\/uploads\/2023\/04\/Adventure-excursion-from-Lima-Hiking-and-abseiling-in-the-Autisha-canyon-2-150x150.jpg 150w\" sizes=\"(max-width: 600px) 100vw, 600px\" \/>                                                            <\/a>\n                                                        \t <p class=\"card-lavel\">\n\t\t\t\t\t\t\t\t\t\t\t\t\t\t\t\t\t\t\t<i class=\"bi bi-clock\"><\/i> \n\t\t\t\t\t\t\t\t\t\t                                \t\t                            <\/p>\n                                                    <\/div>\n                        <div class=\"package-card-body\">\n                        \t\t                        \t<h3 class=\"p-card-title\">\n\t                                <a href=\"https:\/\/mapitrekkingperu.com\/en\/producto\/senderismo-y-rapel-en-el-canon-autisha\/\">\n\t                                    Hiking and Rappel in the Canyon Autisha\t                                <\/a>\n\t                            <\/h3>\n                        \t                            <h6 class=\"destination-address\">\n\t\t\t\t\t\t\t\t<i class=\"bi bi-geo-alt\"><\/i>\n\t\t\t\t\t\t\t\tLima, tour en Lima\t\t\t\t\t\t\t<\/h6>\n                            <div class=\"p-card-bottom\">\n                            \t                            \t\t<div class=\"book-btn\">\n\t                                    <a href=\"https:\/\/mapitrekkingperu.com\/en\/producto\/senderismo-y-rapel-en-el-canon-autisha\/\">\n\t                                    \t\t\t\t\t\t\t\t\t\t\tReserva Ahora\t\t\t\t\t\t\t\t\t\t\t                                    \t\t\t\t\t\t\t\t\t\t\t\t\t<i class='bx bxs-right-arrow-alt'><\/i>\n\t\t\t\t\t\t\t\t\t\t\t\t                                \t<\/a>\n\t                                <\/div>\n                            \t\t\t\t\t\t\t\t\t\t                            \t<div class=\"p-card-info\">\n\t\t\t\t\t\t\t\t\t\t<span>From<\/span>\n\t\t\t\t\t\t\t\t\t\t<h6>\n\t\t\t\t\t\t\t\t\t\t\t\t\t\t\t\t\t\t\t\t\t\t\t\t\t\t\t\t\t\t\t\t\t\t\t\t$ 120\t\t\t\t\t\t\t\t\t\t\t\t\t\t\t\t\t\t\t\t\t\t\t\t\t\t\t\t\t\t\t\t\t<\/h6>\n\t\t\t\t\t\t\t\t\t<\/div>\n                            \t                            <\/div>\n                        <\/div>\n                    <\/div>\n                <\/div>\n                \t\t\t\t\t\t\t\t\t<div class=\"col-xl-4 col-lg-4 col-md-6 col-sm-10\">\n\t\t\t\t                    <div class=\"package-card-alpha wow animate fadeInUp\" data-wow-duration=\"1500ms\" data-wow-delay=\"1600ms\">\n                        <div class=\"package-thumb\">\n                            <a href=\"https:\/\/mapitrekkingperu.com\/en\/producto\/increible-tour-en-gamarra\/\">\n                                                                    <img loading=\"lazy\" decoding=\"async\" width=\"600\" height=\"600\" src=\"https:\/\/mapitrekkingperu.com\/wp-content\/uploads\/2023\/04\/Shopping-Tour-Gamarra.jpg\" class=\"attachment-package-card size-package-card wp-post-image\" alt=\"\" srcset=\"https:\/\/mapitrekkingperu.com\/wp-content\/uploads\/2023\/04\/Shopping-Tour-Gamarra.jpg 600w, https:\/\/mapitrekkingperu.com\/wp-content\/uploads\/2023\/04\/Shopping-Tour-Gamarra-300x300.jpg 300w, https:\/\/mapitrekkingperu.com\/wp-content\/uploads\/2023\/04\/Shopping-Tour-Gamarra-150x150.jpg 150w\" sizes=\"(max-width: 600px) 100vw, 600px\" \/>                                                            <\/a>\n                                                        \t <p class=\"card-lavel\">\n\t\t\t\t\t\t\t\t\t\t\t\t\t\t\t\t\t\t\t<i class=\"bi bi-clock\"><\/i> \n\t\t\t\t\t\t\t\t\t\t                                \t\t                                \t\t<span>4 Horas<\/span>\n\t                                \t\t                            <\/p>\n                                                    <\/div>\n                        <div class=\"package-card-body\">\n                        \t\t                        \t<h3 class=\"p-card-title\">\n\t                                <a href=\"https:\/\/mapitrekkingperu.com\/en\/producto\/increible-tour-en-gamarra\/\">\n\t                                    Amazing Tour Gamarra\t                                <\/a>\n\t                            <\/h3>\n                        \t                            <h6 class=\"destination-address\">\n\t\t\t\t\t\t\t\t<i class=\"bi bi-geo-alt\"><\/i>\n\t\t\t\t\t\t\t\tLima, tour en Lima\t\t\t\t\t\t\t<\/h6>\n                            <div class=\"p-card-bottom\">\n                            \t                            \t\t<div class=\"book-btn\">\n\t                                    <a href=\"https:\/\/mapitrekkingperu.com\/en\/producto\/increible-tour-en-gamarra\/\">\n\t                                    \t\t\t\t\t\t\t\t\t\t\tReserva Ahora\t\t\t\t\t\t\t\t\t\t\t                                    \t\t\t\t\t\t\t\t\t\t\t\t\t<i class='bx bxs-right-arrow-alt'><\/i>\n\t\t\t\t\t\t\t\t\t\t\t\t                                \t<\/a>\n\t                                <\/div>\n                            \t\t\t\t\t\t\t\t\t\t                            \t<div class=\"p-card-info\">\n\t\t\t\t\t\t\t\t\t\t<span>From<\/span>\n\t\t\t\t\t\t\t\t\t\t<h6>\n\t\t\t\t\t\t\t\t\t\t\t\t\t\t\t\t\t\t\t\t\t\t\t\t\t\t\t\t\t\t\t\t\t\t\t\t$ 50\t\t\t\t\t\t\t\t\t\t\t\t\t\t\t\t\t\t\t\t\t\t\t\t\t\t\t\t\t\t\t\t\t<\/h6>\n\t\t\t\t\t\t\t\t\t<\/div>\n                            \t                            <\/div>\n                        <\/div>\n                    <\/div>\n                <\/div>\n                \t\t\t\t\t\t\t\t\t<div class=\"col-xl-4 col-lg-4 col-md-6 col-sm-10\">\n\t\t\t\t                    <div class=\"package-card-alpha wow animate fadeInUp\" data-wow-duration=\"1500ms\" data-wow-delay=\"1800ms\">\n                        <div class=\"package-thumb\">\n                            <a href=\"https:\/\/mapitrekkingperu.com\/en\/producto\/tour-al-museo-larco\/\">\n                                                                    <img loading=\"lazy\" decoding=\"async\" width=\"1500\" height=\"1500\" src=\"https:\/\/mapitrekkingperu.com\/wp-content\/uploads\/2023\/04\/museo-larco.jpg\" class=\"attachment-package-card size-package-card wp-post-image\" alt=\"\" srcset=\"https:\/\/mapitrekkingperu.com\/wp-content\/uploads\/2023\/04\/museo-larco.jpg 1500w, https:\/\/mapitrekkingperu.com\/wp-content\/uploads\/2023\/04\/museo-larco-300x300.jpg 300w, https:\/\/mapitrekkingperu.com\/wp-content\/uploads\/2023\/04\/museo-larco-1024x1024.jpg 1024w, https:\/\/mapitrekkingperu.com\/wp-content\/uploads\/2023\/04\/museo-larco-150x150.jpg 150w, https:\/\/mapitrekkingperu.com\/wp-content\/uploads\/2023\/04\/museo-larco-768x768.jpg 768w, https:\/\/mapitrekkingperu.com\/wp-content\/uploads\/2023\/04\/museo-larco-12x12.jpg 12w\" sizes=\"(max-width: 1500px) 100vw, 1500px\" \/>                                                            <\/a>\n                                                        \t <p class=\"card-lavel\">\n\t\t\t\t\t\t\t\t\t\t\t\t\t\t\t\t\t\t\t<i class=\"bi bi-clock\"><\/i> \n\t\t\t\t\t\t\t\t\t\t                                \t\t                                \t\t<span>5 Horas<\/span>\n\t                                \t\t                            <\/p>\n                                                    <\/div>\n                        <div class=\"package-card-body\">\n                        \t\t                        \t<h3 class=\"p-card-title\">\n\t                                <a href=\"https:\/\/mapitrekkingperu.com\/en\/producto\/tour-al-museo-larco\/\">\n\t                                    Tour al Museo Larco\t                                <\/a>\n\t                            <\/h3>\n                        \t                            <h6 class=\"destination-address\">\n\t\t\t\t\t\t\t\t<i class=\"bi bi-geo-alt\"><\/i>\n\t\t\t\t\t\t\t\tLima, tour en Lima\t\t\t\t\t\t\t<\/h6>\n                            <div class=\"p-card-bottom\">\n                            \t                            \t\t<div class=\"book-btn\">\n\t                                    <a href=\"https:\/\/mapitrekkingperu.com\/en\/producto\/tour-al-museo-larco\/\">\n\t                                    \t\t\t\t\t\t\t\t\t\t\tReserva Ahora\t\t\t\t\t\t\t\t\t\t\t                                    \t\t\t\t\t\t\t\t\t\t\t\t\t<i class='bx bxs-right-arrow-alt'><\/i>\n\t\t\t\t\t\t\t\t\t\t\t\t                                \t<\/a>\n\t                                <\/div>\n                            \t\t\t\t\t\t\t\t\t\t                            \t<div class=\"p-card-info\">\n\t\t\t\t\t\t\t\t\t\t<span>From<\/span>\n\t\t\t\t\t\t\t\t\t\t<h6>\n\t\t\t\t\t\t\t\t\t\t\t\t\t\t\t\t\t\t\t\t\t\t\t\t\t\t\t\t\t\t\t\t\t\t\t\t$ 50\t\t\t\t\t\t\t\t\t\t\t\t\t\t\t\t\t\t\t\t\t\t\t\t\t\t\t\t\t\t\t\t\t<\/h6>\n\t\t\t\t\t\t\t\t\t<\/div>\n                            \t                            <\/div>\n                        <\/div>\n                    <\/div>\n                <\/div>\n                \t\t\t\t\t\t\t\t\t<div class=\"col-xl-4 col-lg-4 col-md-6 col-sm-10\">\n\t\t\t\t                    <div class=\"package-card-alpha wow animate fadeInUp\" data-wow-duration=\"1500ms\" data-wow-delay=\"2000ms\">\n                        <div class=\"package-thumb\">\n                            <a href=\"https:\/\/mapitrekkingperu.com\/en\/producto\/trekking-nevado-rajuntay\/\">\n                                                                    <img loading=\"lazy\" decoding=\"async\" width=\"1500\" height=\"1500\" src=\"https:\/\/mapitrekkingperu.com\/wp-content\/uploads\/2023\/04\/nevado-rajuntay.jpg\" class=\"attachment-package-card size-package-card wp-post-image\" alt=\"Nevado Rajuntay\" srcset=\"https:\/\/mapitrekkingperu.com\/wp-content\/uploads\/2023\/04\/nevado-rajuntay.jpg 1500w, https:\/\/mapitrekkingperu.com\/wp-content\/uploads\/2023\/04\/nevado-rajuntay-300x300.jpg 300w, https:\/\/mapitrekkingperu.com\/wp-content\/uploads\/2023\/04\/nevado-rajuntay-1024x1024.jpg 1024w, https:\/\/mapitrekkingperu.com\/wp-content\/uploads\/2023\/04\/nevado-rajuntay-150x150.jpg 150w, https:\/\/mapitrekkingperu.com\/wp-content\/uploads\/2023\/04\/nevado-rajuntay-768x768.jpg 768w, https:\/\/mapitrekkingperu.com\/wp-content\/uploads\/2023\/04\/nevado-rajuntay-12x12.jpg 12w\" sizes=\"(max-width: 1500px) 100vw, 1500px\" \/>                                                            <\/a>\n                                                        \t <p class=\"card-lavel\">\n\t\t\t\t\t\t\t\t\t\t\t\t\t\t\t\t\t\t\t<i class=\"bi bi-clock\"><\/i> \n\t\t\t\t\t\t\t\t\t\t                                \t\t                                \t\t<span>1 day<\/span>\n\t                                \t\t                            <\/p>\n                                                    <\/div>\n                        <div class=\"package-card-body\">\n                        \t\t                        \t<h3 class=\"p-card-title\">\n\t                                <a href=\"https:\/\/mapitrekkingperu.com\/en\/producto\/trekking-nevado-rajuntay\/\">\n\t                                    Trekking Nevado Rajuntay\t                                <\/a>\n\t                            <\/h3>\n                        \t                            <h6 class=\"destination-address\">\n\t\t\t\t\t\t\t\t<i class=\"bi bi-geo-alt\"><\/i>\n\t\t\t\t\t\t\t\tFull Days\t\t\t\t\t\t\t<\/h6>\n                            <div class=\"p-card-bottom\">\n                            \t                            \t\t<div class=\"book-btn\">\n\t                                    <a href=\"https:\/\/mapitrekkingperu.com\/en\/producto\/trekking-nevado-rajuntay\/\">\n\t                                    \t\t\t\t\t\t\t\t\t\t\tReserva Ahora\t\t\t\t\t\t\t\t\t\t\t                                    \t\t\t\t\t\t\t\t\t\t\t\t\t<i class='bx bxs-right-arrow-alt'><\/i>\n\t\t\t\t\t\t\t\t\t\t\t\t                                \t<\/a>\n\t                                <\/div>\n                            \t\t\t\t\t\t\t\t\t\t                            \t<div class=\"p-card-info\">\n\t\t\t\t\t\t\t\t\t\t<span>From<\/span>\n\t\t\t\t\t\t\t\t\t\t<h6>\n\t\t\t\t\t\t\t\t\t\t\t\t\t\t\t\t\t\t\t\t\t\t\t\t\t\t\t\t\t\t\t\t\t\t\t\tS\/ 140\t\t\t\t\t\t\t\t\t\t\t\t\t\t\t\t\t\t\t\t\t\t\t\t\t\t\t\t\t\t\t\t\t<\/h6>\n\t\t\t\t\t\t\t\t\t<\/div>\n                            \t                            <\/div>\n                        <\/div>\n                    <\/div>\n                <\/div>\n                \t\t\t\t\t\t\t\t\t<div class=\"col-xl-4 col-lg-4 col-md-6 col-sm-10\">\n\t\t\t\t                    <div class=\"package-card-alpha wow animate fadeInUp\" data-wow-duration=\"1500ms\" data-wow-delay=\"2200ms\">\n                        <div class=\"package-thumb\">\n                            <a href=\"https:\/\/mapitrekkingperu.com\/en\/producto\/canon-de-los-perdidos\/\">\n                                                                    <img loading=\"lazy\" decoding=\"async\" width=\"600\" height=\"600\" src=\"https:\/\/mapitrekkingperu.com\/wp-content\/uploads\/2023\/04\/canon.jpg\" class=\"attachment-package-card size-package-card wp-post-image\" alt=\"\" srcset=\"https:\/\/mapitrekkingperu.com\/wp-content\/uploads\/2023\/04\/canon.jpg 600w, https:\/\/mapitrekkingperu.com\/wp-content\/uploads\/2023\/04\/canon-300x300.jpg 300w, https:\/\/mapitrekkingperu.com\/wp-content\/uploads\/2023\/04\/canon-150x150.jpg 150w\" sizes=\"(max-width: 600px) 100vw, 600px\" \/>                                                            <\/a>\n                                                        \t <p class=\"card-lavel\">\n\t\t\t\t\t\t\t\t\t\t\t\t\t\t\t\t\t\t\t<i class=\"bi bi-clock\"><\/i> \n\t\t\t\t\t\t\t\t\t\t                                \t\t                                \t\t<span>1 day<\/span>\n\t                                \t\t                            <\/p>\n                                                    <\/div>\n                        <div class=\"package-card-body\">\n                        \t\t                        \t<h3 class=\"p-card-title\">\n\t                                <a href=\"https:\/\/mapitrekkingperu.com\/en\/producto\/canon-de-los-perdidos\/\">\n\t                                    Ca\u00f1\u00f3n de los Perdidos\t                                <\/a>\n\t                            <\/h3>\n                        \t                            <h6 class=\"destination-address\">\n\t\t\t\t\t\t\t\t<i class=\"bi bi-geo-alt\"><\/i>\n\t\t\t\t\t\t\t\tFull Days, Ica\t\t\t\t\t\t\t<\/h6>\n                            <div class=\"p-card-bottom\">\n                            \t                            \t\t<div class=\"book-btn\">\n\t                                    <a href=\"https:\/\/mapitrekkingperu.com\/en\/producto\/canon-de-los-perdidos\/\">\n\t                                    \t\t\t\t\t\t\t\t\t\t\tReserva Ahora\t\t\t\t\t\t\t\t\t\t\t                                    \t\t\t\t\t\t\t\t\t\t\t\t\t<i class='bx bxs-right-arrow-alt'><\/i>\n\t\t\t\t\t\t\t\t\t\t\t\t                                \t<\/a>\n\t                                <\/div>\n                            \t\t\t\t\t\t\t\t\t\t                            \t<div class=\"p-card-info\">\n\t\t\t\t\t\t\t\t\t\t<span>From<\/span>\n\t\t\t\t\t\t\t\t\t\t<h6>\n\t\t\t\t\t\t\t\t\t\t\t\t\t\t\t\t\t\t\t\t\t\t\t\t\t\t\t\t\t\t\t\t\t\t\t\tS\/ 149\t\t\t\t\t\t\t\t\t\t\t\t\t\t\t\t\t\t\t\t\t\t\t\t\t\t\t\t\t\t\t\t\t<\/h6>\n\t\t\t\t\t\t\t\t\t<\/div>\n                            \t                            <\/div>\n                        <\/div>\n                    <\/div>\n                <\/div>\n                \t\t\t\t\t\t\t\t\t<div class=\"col-xl-4 col-lg-4 col-md-6 col-sm-10\">\n\t\t\t\t                    <div class=\"package-card-alpha wow animate fadeInUp\" data-wow-duration=\"1500ms\" data-wow-delay=\"2400ms\">\n                        <div class=\"package-thumb\">\n                            <a href=\"https:\/\/mapitrekkingperu.com\/en\/producto\/antioquia-pueblo-pintado-full-day\/\">\n                                                                    <img loading=\"lazy\" decoding=\"async\" width=\"600\" height=\"600\" src=\"https:\/\/mapitrekkingperu.com\/wp-content\/uploads\/2023\/04\/x57.jpg.pagespeed.ic_.IJY2MU5Z67.webp\" class=\"attachment-package-card size-package-card wp-post-image\" alt=\"\" srcset=\"https:\/\/mapitrekkingperu.com\/wp-content\/uploads\/2023\/04\/x57.jpg.pagespeed.ic_.IJY2MU5Z67.webp 600w, https:\/\/mapitrekkingperu.com\/wp-content\/uploads\/2023\/04\/x57.jpg.pagespeed.ic_.IJY2MU5Z67-300x300.webp 300w, https:\/\/mapitrekkingperu.com\/wp-content\/uploads\/2023\/04\/x57.jpg.pagespeed.ic_.IJY2MU5Z67-150x150.webp 150w\" sizes=\"(max-width: 600px) 100vw, 600px\" \/>                                                            <\/a>\n                                                        \t <p class=\"card-lavel\">\n\t\t\t\t\t\t\t\t\t\t\t\t\t\t\t\t\t\t\t<i class=\"bi bi-clock\"><\/i> \n\t\t\t\t\t\t\t\t\t\t                                \t\t                                \t\t<span>1 day<\/span>\n\t                                \t\t                            <\/p>\n                                                    <\/div>\n                        <div class=\"package-card-body\">\n                        \t\t                        \t<h3 class=\"p-card-title\">\n\t                                <a href=\"https:\/\/mapitrekkingperu.com\/en\/producto\/antioquia-pueblo-pintado-full-day\/\">\n\t                                    Antioquia town painted Full Day\t                                <\/a>\n\t                            <\/h3>\n                        \t                            <h6 class=\"destination-address\">\n\t\t\t\t\t\t\t\t<i class=\"bi bi-geo-alt\"><\/i>\n\t\t\t\t\t\t\t\tFull Days\t\t\t\t\t\t\t<\/h6>\n                            <div class=\"p-card-bottom\">\n                            \t                            \t\t<div class=\"book-btn\">\n\t                                    <a href=\"https:\/\/mapitrekkingperu.com\/en\/producto\/antioquia-pueblo-pintado-full-day\/\">\n\t                                    \t\t\t\t\t\t\t\t\t\t\tReserva Ahora\t\t\t\t\t\t\t\t\t\t\t                                    \t\t\t\t\t\t\t\t\t\t\t\t\t<i class='bx bxs-right-arrow-alt'><\/i>\n\t\t\t\t\t\t\t\t\t\t\t\t                                \t<\/a>\n\t                                <\/div>\n                            \t\t\t\t\t\t\t\t\t\t                            \t<div class=\"p-card-info\">\n\t\t\t\t\t\t\t\t\t\t<span>From<\/span>\n\t\t\t\t\t\t\t\t\t\t<h6>\n\t\t\t\t\t\t\t\t\t\t\t\t\t\t\t\t\t\t\t\t\t\t\t\t\t\t\t\t\t\t\t\t\t\t\t\tS\/ 75\t\t\t\t\t\t\t\t\t\t\t\t\t\t\t\t\t\t\t\t\t\t\t\t\t\t\t\t\t\t\t\t\t<\/h6>\n\t\t\t\t\t\t\t\t\t<\/div>\n                            \t                            <\/div>\n                        <\/div>\n                    <\/div>\n                <\/div>\n                \t\t\t\t\t\t\t\t\t<div class=\"col-xl-4 col-lg-4 col-md-6 col-sm-10\">\n\t\t\t\t                    <div class=\"package-card-alpha wow animate fadeInUp\" data-wow-duration=\"1500ms\" data-wow-delay=\"2600ms\">\n                        <div class=\"package-thumb\">\n                            <a href=\"https:\/\/mapitrekkingperu.com\/en\/producto\/marcapomacocha-cordillera-la-viuda-full-day\/\">\n                                                                    <img loading=\"lazy\" decoding=\"async\" width=\"600\" height=\"600\" src=\"https:\/\/mapitrekkingperu.com\/wp-content\/uploads\/2023\/04\/33.jpg\" class=\"attachment-package-card size-package-card wp-post-image\" alt=\"\" srcset=\"https:\/\/mapitrekkingperu.com\/wp-content\/uploads\/2023\/04\/33.jpg 600w, https:\/\/mapitrekkingperu.com\/wp-content\/uploads\/2023\/04\/33-300x300.jpg 300w, https:\/\/mapitrekkingperu.com\/wp-content\/uploads\/2023\/04\/33-150x150.jpg 150w\" sizes=\"(max-width: 600px) 100vw, 600px\" \/>                                                            <\/a>\n                                                        \t <p class=\"card-lavel\">\n\t\t\t\t\t\t\t\t\t\t\t\t\t\t\t\t\t\t\t<i class=\"bi bi-clock\"><\/i> \n\t\t\t\t\t\t\t\t\t\t                                \t\t                                \t\t<span>1 day<\/span>\n\t                                \t\t                            <\/p>\n                                                    <\/div>\n                        <div class=\"package-card-body\">\n                        \t\t                        \t<h3 class=\"p-card-title\">\n\t                                <a href=\"https:\/\/mapitrekkingperu.com\/en\/producto\/marcapomacocha-cordillera-la-viuda-full-day\/\">\n\t                                    Marcapomacocha \u2013 Mountain Range-The Widow \u2013 Full Day\t                                <\/a>\n\t                            <\/h3>\n                        \t                            <h6 class=\"destination-address\">\n\t\t\t\t\t\t\t\t<i class=\"bi bi-geo-alt\"><\/i>\n\t\t\t\t\t\t\t\tFull Days\t\t\t\t\t\t\t<\/h6>\n                            <div class=\"p-card-bottom\">\n                            \t                            \t\t<div class=\"book-btn\">\n\t                                    <a href=\"https:\/\/mapitrekkingperu.com\/en\/producto\/marcapomacocha-cordillera-la-viuda-full-day\/\">\n\t                                    \t\t\t\t\t\t\t\t\t\t\tReserva Ahora\t\t\t\t\t\t\t\t\t\t\t                                    \t\t\t\t\t\t\t\t\t\t\t\t\t<i class='bx bxs-right-arrow-alt'><\/i>\n\t\t\t\t\t\t\t\t\t\t\t\t                                \t<\/a>\n\t                                <\/div>\n                            \t\t\t\t\t\t\t\t\t\t                            \t<div class=\"p-card-info\">\n\t\t\t\t\t\t\t\t\t\t<span>From<\/span>\n\t\t\t\t\t\t\t\t\t\t<h6>\n\t\t\t\t\t\t\t\t\t\t\t\t\t\t\t\t\t\t\t\t\t\t\t\t\t\t\t\t\t\t\t\t\t\t\t\tS\/ 125\t\t\t\t\t\t\t\t\t\t\t\t\t\t\t\t\t\t\t\t\t\t\t\t\t\t\t\t\t\t\t\t\t<\/h6>\n\t\t\t\t\t\t\t\t\t<\/div>\n                            \t                            <\/div>\n                        <\/div>\n                    <\/div>\n                <\/div>\n                \t\t\t\t\t\t\t\t\t<div class=\"col-xl-4 col-lg-4 col-md-6 col-sm-10\">\n\t\t\t\t                    <div class=\"package-card-alpha wow animate fadeInUp\" data-wow-duration=\"1500ms\" data-wow-delay=\"2800ms\">\n                        <div class=\"package-thumb\">\n                            <a href=\"https:\/\/mapitrekkingperu.com\/en\/producto\/rupac-la-ciudad-de-fuego\/\">\n                                                                    <img loading=\"lazy\" decoding=\"async\" width=\"600\" height=\"600\" src=\"https:\/\/mapitrekkingperu.com\/wp-content\/uploads\/2023\/04\/rupac-4.jpg\" class=\"attachment-package-card size-package-card wp-post-image\" alt=\"\" srcset=\"https:\/\/mapitrekkingperu.com\/wp-content\/uploads\/2023\/04\/rupac-4.jpg 600w, https:\/\/mapitrekkingperu.com\/wp-content\/uploads\/2023\/04\/rupac-4-300x300.jpg 300w, https:\/\/mapitrekkingperu.com\/wp-content\/uploads\/2023\/04\/rupac-4-150x150.jpg 150w\" sizes=\"(max-width: 600px) 100vw, 600px\" \/>                                                            <\/a>\n                                                        \t <p class=\"card-lavel\">\n\t\t\t\t\t\t\t\t\t\t\t\t\t\t\t\t\t\t\t<i class=\"bi bi-clock\"><\/i> \n\t\t\t\t\t\t\t\t\t\t                                \t\t                                \t\t<span>2 Dias<\/span>\n\t                                \t\t                            <\/p>\n                                                    <\/div>\n                        <div class=\"package-card-body\">\n                        \t\t                        \t<h3 class=\"p-card-title\">\n\t                                <a href=\"https:\/\/mapitrekkingperu.com\/en\/producto\/rupac-la-ciudad-de-fuego\/\">\n\t                                    Rupac \u00abLa ciudad de Fuego\u00bb\t                                <\/a>\n\t                            <\/h3>\n                        \t                            <h6 class=\"destination-address\">\n\t\t\t\t\t\t\t\t<i class=\"bi bi-geo-alt\"><\/i>\n\t\t\t\t\t\t\t\tFull Days\t\t\t\t\t\t\t<\/h6>\n                            <div class=\"p-card-bottom\">\n                            \t                            \t\t<div class=\"book-btn\">\n\t                                    <a href=\"https:\/\/mapitrekkingperu.com\/en\/producto\/rupac-la-ciudad-de-fuego\/\">\n\t                                    \t\t\t\t\t\t\t\t\t\t\tReserva Ahora\t\t\t\t\t\t\t\t\t\t\t                                    \t\t\t\t\t\t\t\t\t\t\t\t\t<i class='bx bxs-right-arrow-alt'><\/i>\n\t\t\t\t\t\t\t\t\t\t\t\t                                \t<\/a>\n\t                                <\/div>\n                            \t\t\t\t\t\t\t\t\t\t                            \t<div class=\"p-card-info\">\n\t\t\t\t\t\t\t\t\t\t<span>From<\/span>\n\t\t\t\t\t\t\t\t\t\t<h6>\n\t\t\t\t\t\t\t\t\t\t\t\t\t\t\t\t\t\t\t\t\t\t\t\t\t\t\t\t\t\t\t\t\t\t\t\tS\/ 189\t\t\t\t\t\t\t\t\t\t\t\t\t\t\t\t\t\t\t\t\t\t\t\t\t\t\t\t\t\t\t\t\t<\/h6>\n\t\t\t\t\t\t\t\t\t<\/div>\n                            \t                            <\/div>\n                        <\/div>\n                    <\/div>\n                <\/div>\n                \t\t\t\t\t\t\t\t\t<div class=\"col-xl-4 col-lg-4 col-md-6 col-sm-10\">\n\t\t\t\t                    <div class=\"package-card-alpha wow animate fadeInUp\" data-wow-duration=\"1500ms\" data-wow-delay=\"3000ms\">\n                        <div class=\"package-thumb\">\n                            <a href=\"https:\/\/mapitrekkingperu.com\/en\/producto\/cascada-huanano-toboganes-de-songos\/\">\n                                                                    <img loading=\"lazy\" decoding=\"async\" width=\"600\" height=\"600\" src=\"https:\/\/mapitrekkingperu.com\/wp-content\/uploads\/2023\/04\/7.jpg\" class=\"attachment-package-card size-package-card wp-post-image\" alt=\"\" srcset=\"https:\/\/mapitrekkingperu.com\/wp-content\/uploads\/2023\/04\/7.jpg 600w, https:\/\/mapitrekkingperu.com\/wp-content\/uploads\/2023\/04\/7-300x300.jpg 300w, https:\/\/mapitrekkingperu.com\/wp-content\/uploads\/2023\/04\/7-150x150.jpg 150w\" sizes=\"(max-width: 600px) 100vw, 600px\" \/>                                                            <\/a>\n                                                        \t <p class=\"card-lavel\">\n\t\t\t\t\t\t\t\t\t\t\t\t\t\t\t\t\t\t\t<i class=\"bi bi-clock\"><\/i> \n\t\t\t\t\t\t\t\t\t\t                                \t\t                                \t\t<span>1 day<\/span>\n\t                                \t\t                            <\/p>\n                                                    <\/div>\n                        <div class=\"package-card-body\">\n                        \t\t                        \t<h3 class=\"p-card-title\">\n\t                                <a href=\"https:\/\/mapitrekkingperu.com\/en\/producto\/cascada-huanano-toboganes-de-songos\/\">\n\t                                    Cascada Huanano \u2013 Toboganes de Songos\t                                <\/a>\n\t                            <\/h3>\n                        \t                            <h6 class=\"destination-address\">\n\t\t\t\t\t\t\t\t<i class=\"bi bi-geo-alt\"><\/i>\n\t\t\t\t\t\t\t\tFull Days\t\t\t\t\t\t\t<\/h6>\n                            <div class=\"p-card-bottom\">\n                            \t                            \t\t<div class=\"book-btn\">\n\t                                    <a href=\"https:\/\/mapitrekkingperu.com\/en\/producto\/cascada-huanano-toboganes-de-songos\/\">\n\t                                    \t\t\t\t\t\t\t\t\t\t\tReserva Ahora\t\t\t\t\t\t\t\t\t\t\t                                    \t\t\t\t\t\t\t\t\t\t\t\t\t<i class='bx bxs-right-arrow-alt'><\/i>\n\t\t\t\t\t\t\t\t\t\t\t\t                                \t<\/a>\n\t                                <\/div>\n                            \t\t\t\t\t\t\t\t\t\t                            \t<div class=\"p-card-info\">\n\t\t\t\t\t\t\t\t\t\t<span>From<\/span>\n\t\t\t\t\t\t\t\t\t\t<h6>\n\t\t\t\t\t\t\t\t\t\t\t\t\t\t\t\t\t\t\t\t\t\t\t\t\t\t\t\t\t\t\t\t\t\t\t\tS\/ 110\t\t\t\t\t\t\t\t\t\t\t\t\t\t\t\t\t\t\t\t\t\t\t\t\t\t\t\t\t\t\t\t\t<\/h6>\n\t\t\t\t\t\t\t\t\t<\/div>\n                            \t                            <\/div>\n                        <\/div>\n                    <\/div>\n                <\/div>\n                \t\t\t\t\t\t\t\t\t<div class=\"col-xl-4 col-lg-4 col-md-6 col-sm-10\">\n\t\t\t\t                    <div class=\"package-card-alpha wow animate fadeInUp\" data-wow-duration=\"1500ms\" data-wow-delay=\"3200ms\">\n                        <div class=\"package-thumb\">\n                            <a href=\"https:\/\/mapitrekkingperu.com\/en\/producto\/huancaya-vilcas-paraiso-en-la-tierra-2-d-1-n\/\">\n                                                                    <img loading=\"lazy\" decoding=\"async\" width=\"600\" height=\"600\" src=\"https:\/\/mapitrekkingperu.com\/wp-content\/uploads\/2023\/04\/16.jpg\" class=\"attachment-package-card size-package-card wp-post-image\" alt=\"\" srcset=\"https:\/\/mapitrekkingperu.com\/wp-content\/uploads\/2023\/04\/16.jpg 600w, https:\/\/mapitrekkingperu.com\/wp-content\/uploads\/2023\/04\/16-300x300.jpg 300w, https:\/\/mapitrekkingperu.com\/wp-content\/uploads\/2023\/04\/16-150x150.jpg 150w\" sizes=\"(max-width: 600px) 100vw, 600px\" \/>                                                            <\/a>\n                                                        \t <p class=\"card-lavel\">\n\t\t\t\t\t\t\t\t\t\t\t\t\t\t\t\t\t\t\t<i class=\"bi bi-clock\"><\/i> \n\t\t\t\t\t\t\t\t\t\t                                \t\t                                \t\t<span>2 D\u00edas<\/span>\n\t                                \t\t                            <\/p>\n                                                    <\/div>\n                        <div class=\"package-card-body\">\n                        \t\t                        \t<h3 class=\"p-card-title\">\n\t                                <a href=\"https:\/\/mapitrekkingperu.com\/en\/producto\/huancaya-vilcas-paraiso-en-la-tierra-2-d-1-n\/\">\n\t                                    Huancaya Vilcas Para\u00edso en la Tierra 2\/D 1\/N\t                                <\/a>\n\t                            <\/h3>\n                        \t                            <h6 class=\"destination-address\">\n\t\t\t\t\t\t\t\t<i class=\"bi bi-geo-alt\"><\/i>\n\t\t\t\t\t\t\t\tFull Days\t\t\t\t\t\t\t<\/h6>\n                            <div class=\"p-card-bottom\">\n                            \t                            \t\t<div class=\"book-btn\">\n\t                                    <a href=\"https:\/\/mapitrekkingperu.com\/en\/producto\/huancaya-vilcas-paraiso-en-la-tierra-2-d-1-n\/\">\n\t                                    \t\t\t\t\t\t\t\t\t\t\tReserva Ahora\t\t\t\t\t\t\t\t\t\t\t                                    \t\t\t\t\t\t\t\t\t\t\t\t\t<i class='bx bxs-right-arrow-alt'><\/i>\n\t\t\t\t\t\t\t\t\t\t\t\t                                \t<\/a>\n\t                                <\/div>\n                            \t\t\t\t\t\t\t\t\t\t                            \t<div class=\"p-card-info\">\n\t\t\t\t\t\t\t\t\t\t<span>From<\/span>\n\t\t\t\t\t\t\t\t\t\t<h6>\n\t\t\t\t\t\t\t\t\t\t\t\t\t\t\t\t\t\t\t\t\t\t\t\t\t\t\t\t\t\t\t\t\t\t\t\tS\/ 189\t\t\t\t\t\t\t\t\t\t\t\t\t\t\t\t\t\t\t\t\t\t\t\t\t\t\t\t\t\t\t\t\t<\/h6>\n\t\t\t\t\t\t\t\t\t<\/div>\n                            \t                            <\/div>\n                        <\/div>\n                    <\/div>\n                <\/div>\n                \t\t\t\t\t\t\t\t\t<div class=\"col-xl-4 col-lg-4 col-md-6 col-sm-10\">\n\t\t\t\t                    <div class=\"package-card-alpha wow animate fadeInUp\" data-wow-duration=\"1500ms\" data-wow-delay=\"3400ms\">\n                        <div class=\"package-thumb\">\n                            <a href=\"https:\/\/mapitrekkingperu.com\/en\/producto\/canon-de-autisha-full-day\/\">\n                                                                    <img loading=\"lazy\" decoding=\"async\" width=\"1500\" height=\"1500\" src=\"https:\/\/mapitrekkingperu.com\/wp-content\/uploads\/2023\/04\/autisa.jpg\" class=\"attachment-package-card size-package-card wp-post-image\" alt=\"ca\u00f1on de Autisha\" srcset=\"https:\/\/mapitrekkingperu.com\/wp-content\/uploads\/2023\/04\/autisa.jpg 1500w, https:\/\/mapitrekkingperu.com\/wp-content\/uploads\/2023\/04\/autisa-300x300.jpg 300w, https:\/\/mapitrekkingperu.com\/wp-content\/uploads\/2023\/04\/autisa-1024x1024.jpg 1024w, https:\/\/mapitrekkingperu.com\/wp-content\/uploads\/2023\/04\/autisa-150x150.jpg 150w, https:\/\/mapitrekkingperu.com\/wp-content\/uploads\/2023\/04\/autisa-768x768.jpg 768w, https:\/\/mapitrekkingperu.com\/wp-content\/uploads\/2023\/04\/autisa-12x12.jpg 12w\" sizes=\"(max-width: 1500px) 100vw, 1500px\" \/>                                                            <\/a>\n                                                        \t <p class=\"card-lavel\">\n\t\t\t\t\t\t\t\t\t\t\t\t\t\t\t\t\t\t\t<i class=\"bi bi-clock\"><\/i> \n\t\t\t\t\t\t\t\t\t\t                                \t\t                                \t\t<span>1 day<\/span>\n\t                                \t\t                            <\/p>\n                                                    <\/div>\n                        <div class=\"package-card-body\">\n                        \t\t                        \t<h3 class=\"p-card-title\">\n\t                                <a href=\"https:\/\/mapitrekkingperu.com\/en\/producto\/canon-de-autisha-full-day\/\">\n\t                                    Ca\u00f1\u00f3n de Autisha\t                                <\/a>\n\t                            <\/h3>\n                        \t                            <h6 class=\"destination-address\">\n\t\t\t\t\t\t\t\t<i class=\"bi bi-geo-alt\"><\/i>\n\t\t\t\t\t\t\t\tFull Days\t\t\t\t\t\t\t<\/h6>\n                            <div class=\"p-card-bottom\">\n                            \t                            \t\t<div class=\"book-btn\">\n\t                                    <a href=\"https:\/\/mapitrekkingperu.com\/en\/producto\/canon-de-autisha-full-day\/\">\n\t                                    \t\t\t\t\t\t\t\t\t\t\tReserva Ahora\t\t\t\t\t\t\t\t\t\t\t                                    \t\t\t\t\t\t\t\t\t\t\t\t\t<i class='bx bxs-right-arrow-alt'><\/i>\n\t\t\t\t\t\t\t\t\t\t\t\t                                \t<\/a>\n\t                                <\/div>\n                            \t\t\t\t\t\t\t\t\t\t                            \t<div class=\"p-card-info\">\n\t\t\t\t\t\t\t\t\t\t<span>From<\/span>\n\t\t\t\t\t\t\t\t\t\t<h6>\n\t\t\t\t\t\t\t\t\t\t\t\t\t\t\t\t\t\t\t\t\t\t\t\t\t\t\t\t\t\t\t\t\t\t\t\tS\/ 125.\t\t\t\t\t\t\t\t\t\t\t\t\t\t\t\t\t\t\t\t\t\t\t\t\t\t\t\t\t\t\t\t\t<\/h6>\n\t\t\t\t\t\t\t\t\t<\/div>\n                            \t                            <\/div>\n                        <\/div>\n                    <\/div>\n                <\/div>\n                \t\t\t\t\t\t\t\t\t<div class=\"col-xl-4 col-lg-4 col-md-6 col-sm-10\">\n\t\t\t\t                    <div class=\"package-card-alpha wow animate fadeInUp\" data-wow-duration=\"1500ms\" data-wow-delay=\"3600ms\">\n                        <div class=\"package-thumb\">\n                            <a href=\"https:\/\/mapitrekkingperu.com\/en\/producto\/laguna-moron\/\">\n                                                                    <img loading=\"lazy\" decoding=\"async\" width=\"600\" height=\"600\" src=\"https:\/\/mapitrekkingperu.com\/wp-content\/uploads\/2025\/10\/laguna-moron3.jpg\" class=\"attachment-package-card size-package-card wp-post-image\" alt=\"\" srcset=\"https:\/\/mapitrekkingperu.com\/wp-content\/uploads\/2025\/10\/laguna-moron3.jpg 600w, https:\/\/mapitrekkingperu.com\/wp-content\/uploads\/2025\/10\/laguna-moron3-300x300.jpg 300w, https:\/\/mapitrekkingperu.com\/wp-content\/uploads\/2025\/10\/laguna-moron3-150x150.jpg 150w, https:\/\/mapitrekkingperu.com\/wp-content\/uploads\/2025\/10\/laguna-moron3-12x12.jpg 12w\" sizes=\"(max-width: 600px) 100vw, 600px\" \/>                                                            <\/a>\n                                                        \t <p class=\"card-lavel\">\n\t\t\t\t\t\t\t\t\t\t\t\t\t\t\t\t\t\t\t<i class=\"bi bi-clock\"><\/i> \n\t\t\t\t\t\t\t\t\t\t                                \t\t                            <\/p>\n                                                    <\/div>\n                        <div class=\"package-card-body\">\n                        \t\t                        \t<h3 class=\"p-card-title\">\n\t                                <a href=\"https:\/\/mapitrekkingperu.com\/en\/producto\/laguna-moron\/\">\n\t                                    Laguna Moron\t                                <\/a>\n\t                            <\/h3>\n                        \t                            <h6 class=\"destination-address\">\n\t\t\t\t\t\t\t\t<i class=\"bi bi-geo-alt\"><\/i>\n\t\t\t\t\t\t\t\tIca\t\t\t\t\t\t\t<\/h6>\n                            <div class=\"p-card-bottom\">\n                            \t                            \t\t<div class=\"book-btn\">\n\t                                    <a href=\"https:\/\/mapitrekkingperu.com\/en\/producto\/laguna-moron\/\">\n\t                                    \t\t\t\t\t\t\t\t\t\t\tReserva Ahora\t\t\t\t\t\t\t\t\t\t\t                                    \t\t\t\t\t\t\t\t\t\t\t\t\t<i class='bx bxs-right-arrow-alt'><\/i>\n\t\t\t\t\t\t\t\t\t\t\t\t                                \t<\/a>\n\t                                <\/div>\n                            \t\t\t\t\t\t\t\t\t                            <\/div>\n                        <\/div>\n                    <\/div>\n                <\/div>\n                \t\t\t\t\t\t\t\t\t<div class=\"col-xl-4 col-lg-4 col-md-6 col-sm-10\">\n\t\t\t\t                    <div class=\"package-card-alpha wow animate fadeInUp\" data-wow-duration=\"1500ms\" data-wow-delay=\"3800ms\">\n                        <div class=\"package-thumb\">\n                            <a href=\"https:\/\/mapitrekkingperu.com\/en\/producto\/paracas-ica\/\">\n                                                                    <img loading=\"lazy\" decoding=\"async\" width=\"1500\" height=\"1500\" src=\"https:\/\/mapitrekkingperu.com\/wp-content\/uploads\/2023\/04\/paracas.jpg\" class=\"attachment-package-card size-package-card wp-post-image\" alt=\"Paracas Ica\" srcset=\"https:\/\/mapitrekkingperu.com\/wp-content\/uploads\/2023\/04\/paracas.jpg 1500w, https:\/\/mapitrekkingperu.com\/wp-content\/uploads\/2023\/04\/paracas-300x300.jpg 300w, https:\/\/mapitrekkingperu.com\/wp-content\/uploads\/2023\/04\/paracas-1024x1024.jpg 1024w, https:\/\/mapitrekkingperu.com\/wp-content\/uploads\/2023\/04\/paracas-150x150.jpg 150w, https:\/\/mapitrekkingperu.com\/wp-content\/uploads\/2023\/04\/paracas-768x768.jpg 768w, https:\/\/mapitrekkingperu.com\/wp-content\/uploads\/2023\/04\/paracas-12x12.jpg 12w\" sizes=\"(max-width: 1500px) 100vw, 1500px\" \/>                                                            <\/a>\n                                                        \t <p class=\"card-lavel\">\n\t\t\t\t\t\t\t\t\t\t\t\t\t\t\t\t\t\t\t<i class=\"bi bi-clock\"><\/i> \n\t\t\t\t\t\t\t\t\t\t                                \t\t                            <\/p>\n                                                    <\/div>\n                        <div class=\"package-card-body\">\n                        \t\t                        \t<h3 class=\"p-card-title\">\n\t                                <a href=\"https:\/\/mapitrekkingperu.com\/en\/producto\/paracas-ica\/\">\n\t                                    Paracas Ica\t                                <\/a>\n\t                            <\/h3>\n                        \t                            <h6 class=\"destination-address\">\n\t\t\t\t\t\t\t\t<i class=\"bi bi-geo-alt\"><\/i>\n\t\t\t\t\t\t\t\tIca, Lima, Paquetes\t\t\t\t\t\t\t<\/h6>\n                            <div class=\"p-card-bottom\">\n                            \t                            \t\t<div class=\"book-btn\">\n\t                                    <a href=\"https:\/\/mapitrekkingperu.com\/en\/producto\/paracas-ica\/\">\n\t                                    \t\t\t\t\t\t\t\t\t\t\tReserva Ahora\t\t\t\t\t\t\t\t\t\t\t                                    \t\t\t\t\t\t\t\t\t\t\t\t\t<i class='bx bxs-right-arrow-alt'><\/i>\n\t\t\t\t\t\t\t\t\t\t\t\t                                \t<\/a>\n\t                                <\/div>\n                            \t\t\t\t\t\t\t\t\t\t                            \t<div class=\"p-card-info\">\n\t\t\t\t\t\t\t\t\t\t<span>From<\/span>\n\t\t\t\t\t\t\t\t\t\t<h6>\n\t\t\t\t\t\t\t\t\t\t\t\t\t\t\t\t\t\t\t\t\t\t\t\t\t\t\t\t\t\t\t\t\t\t\t\t$159\t\t\t\t\t\t\t\t\t\t\t\t\t\t\t\t\t\t\t\t\t\t\t\t\t\t\t\t\t\t\t\t\t<\/h6>\n\t\t\t\t\t\t\t\t\t<\/div>\n                            \t                            <\/div>\n                        <\/div>\n                    <\/div>\n                <\/div>\n                \t\t\t\t\t\t\t\t\t<div class=\"col-xl-4 col-lg-4 col-md-6 col-sm-10\">\n\t\t\t\t                    <div class=\"package-card-alpha wow animate fadeInUp\" data-wow-duration=\"1500ms\" data-wow-delay=\"4000ms\">\n                        <div class=\"package-thumb\">\n                            <a href=\"https:\/\/mapitrekkingperu.com\/en\/producto\/paracas-huacachina-full-day\/\">\n                                                                    <img loading=\"lazy\" decoding=\"async\" width=\"600\" height=\"600\" src=\"https:\/\/mapitrekkingperu.com\/wp-content\/uploads\/2023\/04\/46-1.jpg\" class=\"attachment-package-card size-package-card wp-post-image\" alt=\"\" srcset=\"https:\/\/mapitrekkingperu.com\/wp-content\/uploads\/2023\/04\/46-1.jpg 600w, https:\/\/mapitrekkingperu.com\/wp-content\/uploads\/2023\/04\/46-1-300x300.jpg 300w, https:\/\/mapitrekkingperu.com\/wp-content\/uploads\/2023\/04\/46-1-150x150.jpg 150w\" sizes=\"(max-width: 600px) 100vw, 600px\" \/>                                                            <\/a>\n                                                        \t <p class=\"card-lavel\">\n\t\t\t\t\t\t\t\t\t\t\t\t\t\t\t\t\t\t\t<i class=\"bi bi-clock\"><\/i> \n\t\t\t\t\t\t\t\t\t\t                                \t\t                                \t\t<span>1 day<\/span>\n\t                                \t\t                            <\/p>\n                                                    <\/div>\n                        <div class=\"package-card-body\">\n                        \t\t                        \t<h3 class=\"p-card-title\">\n\t                                <a href=\"https:\/\/mapitrekkingperu.com\/en\/producto\/paracas-huacachina-full-day\/\">\n\t                                    Paracas-Huacachina \u2013 Full Day\t                                <\/a>\n\t                            <\/h3>\n                        \t                            <h6 class=\"destination-address\">\n\t\t\t\t\t\t\t\t<i class=\"bi bi-geo-alt\"><\/i>\n\t\t\t\t\t\t\t\tFull Days, Ica\t\t\t\t\t\t\t<\/h6>\n                            <div class=\"p-card-bottom\">\n                            \t                            \t\t<div class=\"book-btn\">\n\t                                    <a href=\"https:\/\/mapitrekkingperu.com\/en\/producto\/paracas-huacachina-full-day\/\">\n\t                                    \t\t\t\t\t\t\t\t\t\t\tReserva Ahora\t\t\t\t\t\t\t\t\t\t\t                                    \t\t\t\t\t\t\t\t\t\t\t\t\t<i class='bx bxs-right-arrow-alt'><\/i>\n\t\t\t\t\t\t\t\t\t\t\t\t                                \t<\/a>\n\t                                <\/div>\n                            \t\t\t\t\t\t\t\t\t\t                            \t<div class=\"p-card-info\">\n\t\t\t\t\t\t\t\t\t\t<span>From<\/span>\n\t\t\t\t\t\t\t\t\t\t<h6>\n\t\t\t\t\t\t\t\t\t\t\t\t\t\t\t\t\t\t\t\t\t\t\t\t\t\t\t\t\t\t\t\t\t\t\t\tS\/ 179.\t\t\t\t\t\t\t\t\t\t\t\t\t\t\t\t\t\t\t\t\t\t\t\t\t\t\t\t\t\t\t\t\t<\/h6>\n\t\t\t\t\t\t\t\t\t<\/div>\n                            \t                            <\/div>\n                        <\/div>\n                    <\/div>\n                <\/div>\n                \t\t\t\t\t\t\t\t\t<div class=\"col-xl-4 col-lg-4 col-md-6 col-sm-10\">\n\t\t\t\t                    <div class=\"package-card-alpha wow animate fadeInUp\" data-wow-duration=\"1500ms\" data-wow-delay=\"4200ms\">\n                        <div class=\"package-thumb\">\n                            <a href=\"https:\/\/mapitrekkingperu.com\/en\/producto\/santuario-de-pachacamac\/\">\n                                                                    <img loading=\"lazy\" decoding=\"async\" width=\"1500\" height=\"1500\" src=\"https:\/\/mapitrekkingperu.com\/wp-content\/uploads\/2023\/04\/pachacamac.jpg\" class=\"attachment-package-card size-package-card wp-post-image\" alt=\"Santuario de Pachacamac\" srcset=\"https:\/\/mapitrekkingperu.com\/wp-content\/uploads\/2023\/04\/pachacamac.jpg 1500w, https:\/\/mapitrekkingperu.com\/wp-content\/uploads\/2023\/04\/pachacamac-300x300.jpg 300w, https:\/\/mapitrekkingperu.com\/wp-content\/uploads\/2023\/04\/pachacamac-1024x1024.jpg 1024w, https:\/\/mapitrekkingperu.com\/wp-content\/uploads\/2023\/04\/pachacamac-150x150.jpg 150w, https:\/\/mapitrekkingperu.com\/wp-content\/uploads\/2023\/04\/pachacamac-768x768.jpg 768w, https:\/\/mapitrekkingperu.com\/wp-content\/uploads\/2023\/04\/pachacamac-12x12.jpg 12w\" sizes=\"(max-width: 1500px) 100vw, 1500px\" \/>                                                            <\/a>\n                                                        \t <p class=\"card-lavel\">\n\t\t\t\t\t\t\t\t\t\t\t\t\t\t\t\t\t\t\t<i class=\"bi bi-clock\"><\/i> \n\t\t\t\t\t\t\t\t\t\t                                \t\t                                \t\t<span>5 Horas<\/span>\n\t                                \t\t                            <\/p>\n                                                    <\/div>\n                        <div class=\"package-card-body\">\n                        \t\t                        \t<h3 class=\"p-card-title\">\n\t                                <a href=\"https:\/\/mapitrekkingperu.com\/en\/producto\/santuario-de-pachacamac\/\">\n\t                                    Santuario de Pachacamac\t                                <\/a>\n\t                            <\/h3>\n                        \t                            <h6 class=\"destination-address\">\n\t\t\t\t\t\t\t\t<i class=\"bi bi-geo-alt\"><\/i>\n\t\t\t\t\t\t\t\tLima, tour en Lima\t\t\t\t\t\t\t<\/h6>\n                            <div class=\"p-card-bottom\">\n                            \t                            \t\t<div class=\"book-btn\">\n\t                                    <a href=\"https:\/\/mapitrekkingperu.com\/en\/producto\/santuario-de-pachacamac\/\">\n\t                                    \t\t\t\t\t\t\t\t\t\t\tReserva Ahora\t\t\t\t\t\t\t\t\t\t\t                                    \t\t\t\t\t\t\t\t\t\t\t\t\t<i class='bx bxs-right-arrow-alt'><\/i>\n\t\t\t\t\t\t\t\t\t\t\t\t                                \t<\/a>\n\t                                <\/div>\n                            \t\t\t\t\t\t\t\t\t\t                            \t<div class=\"p-card-info\">\n\t\t\t\t\t\t\t\t\t\t<span>From<\/span>\n\t\t\t\t\t\t\t\t\t\t<h6>\n\t\t\t\t\t\t\t\t\t\t\t\t\t\t\t\t\t\t\t\t\t\t\t\t\t\t\t\t\t\t\t\t\t\t\t\t$ 45\t\t\t\t\t\t\t\t\t\t\t\t\t\t\t\t\t\t\t\t\t\t\t\t\t\t\t\t\t\t\t\t\t<\/h6>\n\t\t\t\t\t\t\t\t\t<\/div>\n                            \t                            <\/div>\n                        <\/div>\n                    <\/div>\n                <\/div>\n                \t\t\t\t\t\t\t\t\t<div class=\"col-xl-4 col-lg-4 col-md-6 col-sm-10\">\n\t\t\t\t                    <div class=\"package-card-alpha wow animate fadeInUp\" data-wow-duration=\"1500ms\" data-wow-delay=\"4400ms\">\n                        <div class=\"package-thumb\">\n                            <a href=\"https:\/\/mapitrekkingperu.com\/en\/producto\/espectaculo-del-caballo-peruano-de-paso\/\">\n                                                                    <img loading=\"lazy\" decoding=\"async\" width=\"600\" height=\"600\" src=\"https:\/\/mapitrekkingperu.com\/wp-content\/uploads\/2023\/04\/caballo-web.jpg\" class=\"attachment-package-card size-package-card wp-post-image\" alt=\"\" srcset=\"https:\/\/mapitrekkingperu.com\/wp-content\/uploads\/2023\/04\/caballo-web.jpg 600w, https:\/\/mapitrekkingperu.com\/wp-content\/uploads\/2023\/04\/caballo-web-300x300.jpg 300w, https:\/\/mapitrekkingperu.com\/wp-content\/uploads\/2023\/04\/caballo-web-150x150.jpg 150w, https:\/\/mapitrekkingperu.com\/wp-content\/uploads\/2023\/04\/caballo-web-12x12.jpg 12w\" sizes=\"(max-width: 600px) 100vw, 600px\" \/>                                                            <\/a>\n                                                        \t <p class=\"card-lavel\">\n\t\t\t\t\t\t\t\t\t\t\t\t\t\t\t\t\t\t\t<i class=\"bi bi-clock\"><\/i> \n\t\t\t\t\t\t\t\t\t\t                                \t\t                            <\/p>\n                                                    <\/div>\n                        <div class=\"package-card-body\">\n                        \t\t                        \t<h3 class=\"p-card-title\">\n\t                                <a href=\"https:\/\/mapitrekkingperu.com\/en\/producto\/espectaculo-del-caballo-peruano-de-paso\/\">\n\t                                    Espect\u00e1culo del caballo peruano de paso\t                                <\/a>\n\t                            <\/h3>\n                        \t                            <h6 class=\"destination-address\">\n\t\t\t\t\t\t\t\t<i class=\"bi bi-geo-alt\"><\/i>\n\t\t\t\t\t\t\t\tLima, tour en Lima\t\t\t\t\t\t\t<\/h6>\n                            <div class=\"p-card-bottom\">\n                            \t                            \t\t<div class=\"book-btn\">\n\t                                    <a href=\"https:\/\/mapitrekkingperu.com\/en\/producto\/espectaculo-del-caballo-peruano-de-paso\/\">\n\t                                    \t\t\t\t\t\t\t\t\t\t\tReserva Ahora\t\t\t\t\t\t\t\t\t\t\t                                    \t\t\t\t\t\t\t\t\t\t\t\t\t<i class='bx bxs-right-arrow-alt'><\/i>\n\t\t\t\t\t\t\t\t\t\t\t\t                                \t<\/a>\n\t                                <\/div>\n                            \t\t\t\t\t\t\t\t\t\t                            \t<div class=\"p-card-info\">\n\t\t\t\t\t\t\t\t\t\t<span>From<\/span>\n\t\t\t\t\t\t\t\t\t\t<h6>\n\t\t\t\t\t\t\t\t\t\t\t\t\t\t\t\t\t\t\t\t\t\t\t\t\t\t\t\t\t\t\t\t\t\t\t\t$ 125\t\t\t\t\t\t\t\t\t\t\t\t\t\t\t\t\t\t\t\t\t\t\t\t\t\t\t\t\t\t\t\t\t<\/h6>\n\t\t\t\t\t\t\t\t\t<\/div>\n                            \t                            <\/div>\n                        <\/div>\n                    <\/div>\n                <\/div>\n                \t\t\t\t\t\t\t\t\t<div class=\"col-xl-4 col-lg-4 col-md-6 col-sm-10\">\n\t\t\t\t                    <div class=\"package-card-alpha wow animate fadeInUp\" data-wow-duration=\"1500ms\" data-wow-delay=\"4600ms\">\n                        <div class=\"package-thumb\">\n                            <a href=\"https:\/\/mapitrekkingperu.com\/en\/producto\/city-tour-lima\/\">\n                                                                    <img loading=\"lazy\" decoding=\"async\" width=\"1500\" height=\"1500\" src=\"https:\/\/mapitrekkingperu.com\/wp-content\/uploads\/2023\/04\/city-tour-Lima.1jpg.jpg\" class=\"attachment-package-card size-package-card wp-post-image\" alt=\"Lima city tour\" srcset=\"https:\/\/mapitrekkingperu.com\/wp-content\/uploads\/2023\/04\/city-tour-Lima.1jpg.jpg 1500w, https:\/\/mapitrekkingperu.com\/wp-content\/uploads\/2023\/04\/city-tour-Lima.1jpg-300x300.jpg 300w, https:\/\/mapitrekkingperu.com\/wp-content\/uploads\/2023\/04\/city-tour-Lima.1jpg-1024x1024.jpg 1024w, https:\/\/mapitrekkingperu.com\/wp-content\/uploads\/2023\/04\/city-tour-Lima.1jpg-150x150.jpg 150w, https:\/\/mapitrekkingperu.com\/wp-content\/uploads\/2023\/04\/city-tour-Lima.1jpg-768x768.jpg 768w, https:\/\/mapitrekkingperu.com\/wp-content\/uploads\/2023\/04\/city-tour-Lima.1jpg-12x12.jpg 12w\" sizes=\"(max-width: 1500px) 100vw, 1500px\" \/>                                                            <\/a>\n                                                        \t <p class=\"card-lavel\">\n\t\t\t\t\t\t\t\t\t\t\t\t\t\t\t\t\t\t\t<i class=\"bi bi-clock\"><\/i> \n\t\t\t\t\t\t\t\t\t\t                                \t\t                            <\/p>\n                                                    <\/div>\n                        <div class=\"package-card-body\">\n                        \t\t                        \t<h3 class=\"p-card-title\">\n\t                                <a href=\"https:\/\/mapitrekkingperu.com\/en\/producto\/city-tour-lima\/\">\n\t                                    Lima City Tour\t                                <\/a>\n\t                            <\/h3>\n                        \t                            <h6 class=\"destination-address\">\n\t\t\t\t\t\t\t\t<i class=\"bi bi-geo-alt\"><\/i>\n\t\t\t\t\t\t\t\tLima, tour en Lima\t\t\t\t\t\t\t<\/h6>\n                            <div class=\"p-card-bottom\">\n                            \t                            \t\t<div class=\"book-btn\">\n\t                                    <a href=\"https:\/\/mapitrekkingperu.com\/en\/producto\/city-tour-lima\/\">\n\t                                    \t\t\t\t\t\t\t\t\t\t\tReserva Ahora\t\t\t\t\t\t\t\t\t\t\t                                    \t\t\t\t\t\t\t\t\t\t\t\t\t<i class='bx bxs-right-arrow-alt'><\/i>\n\t\t\t\t\t\t\t\t\t\t\t\t                                \t<\/a>\n\t                                <\/div>\n                            \t\t\t\t\t\t\t\t\t\t                            \t<div class=\"p-card-info\">\n\t\t\t\t\t\t\t\t\t\t<span>From<\/span>\n\t\t\t\t\t\t\t\t\t\t<h6>\n\t\t\t\t\t\t\t\t\t\t\t\t\t\t\t\t\t\t\t\t\t\t\t\t\t\t\t\t\t\t\t\t\t\t\t\t$49\t\t\t\t\t\t\t\t\t\t\t\t\t\t\t\t\t\t\t\t\t\t\t\t\t\t\t\t\t\t\t\t\t<\/h6>\n\t\t\t\t\t\t\t\t\t<\/div>\n                            \t                            <\/div>\n                        <\/div>\n                    <\/div>\n                <\/div>\n                \t\t\t\t\t\t\t\t\t<div class=\"col-xl-4 col-lg-4 col-md-6 col-sm-10\">\n\t\t\t\t                    <div class=\"package-card-alpha wow animate fadeInUp\" data-wow-duration=\"1500ms\" data-wow-delay=\"4800ms\">\n                        <div class=\"package-thumb\">\n                            <a href=\"https:\/\/mapitrekkingperu.com\/en\/producto\/cusco-5-dias-4-noches\/\">\n                                                                    <img loading=\"lazy\" decoding=\"async\" width=\"1500\" height=\"1500\" src=\"https:\/\/mapitrekkingperu.com\/wp-content\/uploads\/2023\/04\/cusco-13.jpg\" class=\"attachment-package-card size-package-card wp-post-image\" alt=\"cusco city tour\" srcset=\"https:\/\/mapitrekkingperu.com\/wp-content\/uploads\/2023\/04\/cusco-13.jpg 1500w, https:\/\/mapitrekkingperu.com\/wp-content\/uploads\/2023\/04\/cusco-13-300x300.jpg 300w, https:\/\/mapitrekkingperu.com\/wp-content\/uploads\/2023\/04\/cusco-13-1024x1024.jpg 1024w, https:\/\/mapitrekkingperu.com\/wp-content\/uploads\/2023\/04\/cusco-13-150x150.jpg 150w, https:\/\/mapitrekkingperu.com\/wp-content\/uploads\/2023\/04\/cusco-13-768x768.jpg 768w, https:\/\/mapitrekkingperu.com\/wp-content\/uploads\/2023\/04\/cusco-13-12x12.jpg 12w\" sizes=\"(max-width: 1500px) 100vw, 1500px\" \/>                                                            <\/a>\n                                                        \t <p class=\"card-lavel\">\n\t\t\t\t\t\t\t\t\t\t\t\t\t\t\t\t\t\t\t<i class=\"bi bi-clock\"><\/i> \n\t\t\t\t\t\t\t\t\t\t                                \t\t                                \t\t<span>4 d\u00edas\/ 3 noches<\/span>\n\t                                \t\t                            <\/p>\n                                                    <\/div>\n                        <div class=\"package-card-body\">\n                        \t\t                        \t<h3 class=\"p-card-title\">\n\t                                <a href=\"https:\/\/mapitrekkingperu.com\/en\/producto\/cusco-5-dias-4-noches\/\">\n\t                                    Cusco 5 Dias \/ 4 Noches\t                                <\/a>\n\t                            <\/h3>\n                        \t                            <h6 class=\"destination-address\">\n\t\t\t\t\t\t\t\t<i class=\"bi bi-geo-alt\"><\/i>\n\t\t\t\t\t\t\t\tCusco, Paquetes, Tour a Cusco\t\t\t\t\t\t\t<\/h6>\n                            <div class=\"p-card-bottom\">\n                            \t                            \t\t<div class=\"book-btn\">\n\t                                    <a href=\"https:\/\/mapitrekkingperu.com\/en\/producto\/cusco-5-dias-4-noches\/\">\n\t                                    \t\t\t\t\t\t\t\t\t\t\tReserva Ahora\t\t\t\t\t\t\t\t\t\t\t                                    \t\t\t\t\t\t\t\t\t\t\t\t\t<i class='bx bxs-right-arrow-alt'><\/i>\n\t\t\t\t\t\t\t\t\t\t\t\t                                \t<\/a>\n\t                                <\/div>\n                            \t\t\t\t\t\t\t\t\t\t                            \t<div class=\"p-card-info\">\n\t\t\t\t\t\t\t\t\t\t<span>From<\/span>\n\t\t\t\t\t\t\t\t\t\t<h6>\n\t\t\t\t\t\t\t\t\t\t\t\t\t\t\t\t\t\t\t\t\t\t\t\t\t\t\t\t\t\t\t\t\t\t\t\t$699\t\t\t\t\t\t\t\t\t\t\t\t\t\t\t\t\t\t\t\t\t\t\t\t\t\t\t\t\t\t\t\t\t<\/h6>\n\t\t\t\t\t\t\t\t\t<\/div>\n                            \t                            <\/div>\n                        <\/div>\n                    <\/div>\n                <\/div>\n                \t\t\t\t\t\t\t\t\t<div class=\"col-xl-4 col-lg-4 col-md-6 col-sm-10\">\n\t\t\t\t                    <div class=\"package-card-alpha wow animate fadeInUp\" data-wow-duration=\"1500ms\" data-wow-delay=\"5000ms\">\n                        <div class=\"package-thumb\">\n                            <a href=\"https:\/\/mapitrekkingperu.com\/en\/producto\/classic-inca-trails\/\">\n                                                                    <img loading=\"lazy\" decoding=\"async\" width=\"1500\" height=\"1500\" src=\"https:\/\/mapitrekkingperu.com\/wp-content\/uploads\/2025\/11\/foto004.jpg\" class=\"attachment-package-card size-package-card wp-post-image\" alt=\"\" srcset=\"https:\/\/mapitrekkingperu.com\/wp-content\/uploads\/2025\/11\/foto004.jpg 1500w, https:\/\/mapitrekkingperu.com\/wp-content\/uploads\/2025\/11\/foto004-300x300.jpg 300w, https:\/\/mapitrekkingperu.com\/wp-content\/uploads\/2025\/11\/foto004-1024x1024.jpg 1024w, https:\/\/mapitrekkingperu.com\/wp-content\/uploads\/2025\/11\/foto004-150x150.jpg 150w, https:\/\/mapitrekkingperu.com\/wp-content\/uploads\/2025\/11\/foto004-768x768.jpg 768w, https:\/\/mapitrekkingperu.com\/wp-content\/uploads\/2025\/11\/foto004-12x12.jpg 12w\" sizes=\"(max-width: 1500px) 100vw, 1500px\" \/>                                                            <\/a>\n                                                        \t <p class=\"card-lavel\">\n\t\t\t\t\t\t\t\t\t\t\t\t\t\t\t\t\t\t\t<i class=\"bi bi-clock\"><\/i> \n\t\t\t\t\t\t\t\t\t\t                                \t\t                                \t\t<span>4 d\u00edas\/ 3 noches<\/span>\n\t                                \t\t                            <\/p>\n                                                    <\/div>\n                        <div class=\"package-card-body\">\n                        \t\t                        \t<h3 class=\"p-card-title\">\n\t                                <a href=\"https:\/\/mapitrekkingperu.com\/en\/producto\/classic-inca-trails\/\">\n\t                                    Classic Inca Trails\t                                <\/a>\n\t                            <\/h3>\n                        \t                            <h6 class=\"destination-address\">\n\t\t\t\t\t\t\t\t<i class=\"bi bi-geo-alt\"><\/i>\n\t\t\t\t\t\t\t\tMachu Picchu, Tour a Cusco\t\t\t\t\t\t\t<\/h6>\n                            <div class=\"p-card-bottom\">\n                            \t                            \t\t<div class=\"book-btn\">\n\t                                    <a href=\"https:\/\/mapitrekkingperu.com\/en\/producto\/classic-inca-trails\/\">\n\t                                    \t\t\t\t\t\t\t\t\t\t\tReserva Ahora\t\t\t\t\t\t\t\t\t\t\t                                    \t\t\t\t\t\t\t\t\t\t\t\t\t<i class='bx bxs-right-arrow-alt'><\/i>\n\t\t\t\t\t\t\t\t\t\t\t\t                                \t<\/a>\n\t                                <\/div>\n                            \t\t\t\t\t\t\t\t\t\t                            \t<div class=\"p-card-info\">\n\t\t\t\t\t\t\t\t\t\t<span>From<\/span>\n\t\t\t\t\t\t\t\t\t\t<h6>\n\t\t\t\t\t\t\t\t\t\t\t\t\t\t\t\t\t\t\t\t\t\t\t\t\t\t\t\t\t\t\t\t\t\t\t\t$750.\t\t\t\t\t\t\t\t\t\t\t\t\t\t\t\t\t\t\t\t\t\t\t\t\t\t\t\t\t\t\t\t\t<\/h6>\n\t\t\t\t\t\t\t\t\t<\/div>\n                            \t                            <\/div>\n                        <\/div>\n                    <\/div>\n                <\/div>\n                \t\t\t\t\t\t\t\t\t<div class=\"col-xl-4 col-lg-4 col-md-6 col-sm-10\">\n\t\t\t\t                    <div class=\"package-card-alpha wow animate fadeInUp\" data-wow-duration=\"1500ms\" data-wow-delay=\"5200ms\">\n                        <div class=\"package-thumb\">\n                            <a href=\"https:\/\/mapitrekkingperu.com\/en\/producto\/choquequirao\/\">\n                                                                    <img loading=\"lazy\" decoding=\"async\" width=\"600\" height=\"600\" src=\"https:\/\/mapitrekkingperu.com\/wp-content\/uploads\/2023\/04\/4.3.jpg\" class=\"attachment-package-card size-package-card wp-post-image\" alt=\"\" srcset=\"https:\/\/mapitrekkingperu.com\/wp-content\/uploads\/2023\/04\/4.3.jpg 600w, https:\/\/mapitrekkingperu.com\/wp-content\/uploads\/2023\/04\/4.3-300x300.jpg 300w, https:\/\/mapitrekkingperu.com\/wp-content\/uploads\/2023\/04\/4.3-150x150.jpg 150w\" sizes=\"(max-width: 600px) 100vw, 600px\" \/>                                                            <\/a>\n                                                        \t <p class=\"card-lavel\">\n\t\t\t\t\t\t\t\t\t\t\t\t\t\t\t\t\t\t\t<i class=\"bi bi-clock\"><\/i> \n\t\t\t\t\t\t\t\t\t\t                                \t\t                                \t\t<span>4 Dias <\/span>\n\t                                \t\t                            <\/p>\n                                                    <\/div>\n                        <div class=\"package-card-body\">\n                        \t\t                        \t<h3 class=\"p-card-title\">\n\t                                <a href=\"https:\/\/mapitrekkingperu.com\/en\/producto\/choquequirao\/\">\n\t                                    CHOQUEQUIRAO\t                                <\/a>\n\t                            <\/h3>\n                        \t                            <h6 class=\"destination-address\">\n\t\t\t\t\t\t\t\t<i class=\"bi bi-geo-alt\"><\/i>\n\t\t\t\t\t\t\t\tCusco, Machu Picchu, Paquetes\t\t\t\t\t\t\t<\/h6>\n                            <div class=\"p-card-bottom\">\n                            \t                            \t\t<div class=\"book-btn\">\n\t                                    <a href=\"https:\/\/mapitrekkingperu.com\/en\/producto\/choquequirao\/\">\n\t                                    \t\t\t\t\t\t\t\t\t\t\tReserva Ahora\t\t\t\t\t\t\t\t\t\t\t                                    \t\t\t\t\t\t\t\t\t\t\t\t\t<i class='bx bxs-right-arrow-alt'><\/i>\n\t\t\t\t\t\t\t\t\t\t\t\t                                \t<\/a>\n\t                                <\/div>\n                            \t\t\t\t\t\t\t\t\t\t                            \t<div class=\"p-card-info\">\n\t\t\t\t\t\t\t\t\t\t<span>From<\/span>\n\t\t\t\t\t\t\t\t\t\t<h6>\n\t\t\t\t\t\t\t\t\t\t\t\t\t\t\t\t\t\t\t\t\t\t\t\t\t\t\t\t\t\t\t\t\t\t\t\t$690.\t\t\t\t\t\t\t\t\t\t\t\t\t\t\t\t\t\t\t\t\t\t\t\t\t\t\t\t\t\t\t\t\t<\/h6>\n\t\t\t\t\t\t\t\t\t<\/div>\n                            \t                            <\/div>\n                        <\/div>\n                    <\/div>\n                <\/div>\n                \t\t\t\t\t\t\t\t\t<div class=\"col-xl-4 col-lg-4 col-md-6 col-sm-10\">\n\t\t\t\t                    <div class=\"package-card-alpha wow animate fadeInUp\" data-wow-duration=\"1500ms\" data-wow-delay=\"5400ms\">\n                        <div class=\"package-thumb\">\n                            <a href=\"https:\/\/mapitrekkingperu.com\/en\/producto\/ausangate-trek\/\">\n                                                                    <img loading=\"lazy\" decoding=\"async\" width=\"600\" height=\"600\" src=\"https:\/\/mapitrekkingperu.com\/wp-content\/uploads\/2023\/04\/2.1.jpg\" class=\"attachment-package-card size-package-card wp-post-image\" alt=\"\" srcset=\"https:\/\/mapitrekkingperu.com\/wp-content\/uploads\/2023\/04\/2.1.jpg 600w, https:\/\/mapitrekkingperu.com\/wp-content\/uploads\/2023\/04\/2.1-300x300.jpg 300w, https:\/\/mapitrekkingperu.com\/wp-content\/uploads\/2023\/04\/2.1-150x150.jpg 150w\" sizes=\"(max-width: 600px) 100vw, 600px\" \/>                                                            <\/a>\n                                                        \t <p class=\"card-lavel\">\n\t\t\t\t\t\t\t\t\t\t\t\t\t\t\t\t\t\t\t<i class=\"bi bi-clock\"><\/i> \n\t\t\t\t\t\t\t\t\t\t                                \t\t                                \t\t<span>5 days\/ 4 days<\/span>\n\t                                \t\t                            <\/p>\n                                                    <\/div>\n                        <div class=\"package-card-body\">\n                        \t\t                        \t<h3 class=\"p-card-title\">\n\t                                <a href=\"https:\/\/mapitrekkingperu.com\/en\/producto\/ausangate-trek\/\">\n\t                                    Ausangate Trek\t                                <\/a>\n\t                            <\/h3>\n                        \t                            <h6 class=\"destination-address\">\n\t\t\t\t\t\t\t\t<i class=\"bi bi-geo-alt\"><\/i>\n\t\t\t\t\t\t\t\tCusco, Paquetes, Tour a Cusco\t\t\t\t\t\t\t<\/h6>\n                            <div class=\"p-card-bottom\">\n                            \t                            \t\t<div class=\"book-btn\">\n\t                                    <a href=\"https:\/\/mapitrekkingperu.com\/en\/producto\/ausangate-trek\/\">\n\t                                    \t\t\t\t\t\t\t\t\t\t\tReserva Ahora\t\t\t\t\t\t\t\t\t\t\t                                    \t\t\t\t\t\t\t\t\t\t\t\t\t<i class='bx bxs-right-arrow-alt'><\/i>\n\t\t\t\t\t\t\t\t\t\t\t\t                                \t<\/a>\n\t                                <\/div>\n                            \t\t\t\t\t\t\t\t\t\t                            \t<div class=\"p-card-info\">\n\t\t\t\t\t\t\t\t\t\t<span>From<\/span>\n\t\t\t\t\t\t\t\t\t\t<h6>\n\t\t\t\t\t\t\t\t\t\t\t\t\t\t\t\t\t\t\t\t\t\t\t\t\t\t\t\t\t\t\t\t\t\t\t\t$755.\t\t\t\t\t\t\t\t\t\t\t\t\t\t\t\t\t\t\t\t\t\t\t\t\t\t\t\t\t\t\t\t\t<\/h6>\n\t\t\t\t\t\t\t\t\t<\/div>\n                            \t                            <\/div>\n                        <\/div>\n                    <\/div>\n                <\/div>\n                \t\t\t\t\t\t\t\t\t<div class=\"col-xl-4 col-lg-4 col-md-6 col-sm-10\">\n\t\t\t\t                    <div class=\"package-card-alpha wow animate fadeInUp\" data-wow-duration=\"1500ms\" data-wow-delay=\"5600ms\">\n                        <div class=\"package-thumb\">\n                            <a href=\"https:\/\/mapitrekkingperu.com\/en\/producto\/salkantay-trek-to-machu-picchu\/\">\n                                                                    <img loading=\"lazy\" decoding=\"async\" width=\"1200\" height=\"1200\" src=\"https:\/\/mapitrekkingperu.com\/wp-content\/uploads\/2023\/04\/Sin-titulo-11.jpg\" class=\"attachment-package-card size-package-card wp-post-image\" alt=\"Salkantay trek to Machu Picchu\" srcset=\"https:\/\/mapitrekkingperu.com\/wp-content\/uploads\/2023\/04\/Sin-titulo-11.jpg 1200w, https:\/\/mapitrekkingperu.com\/wp-content\/uploads\/2023\/04\/Sin-titulo-11-300x300.jpg 300w, https:\/\/mapitrekkingperu.com\/wp-content\/uploads\/2023\/04\/Sin-titulo-11-1024x1024.jpg 1024w, https:\/\/mapitrekkingperu.com\/wp-content\/uploads\/2023\/04\/Sin-titulo-11-150x150.jpg 150w, https:\/\/mapitrekkingperu.com\/wp-content\/uploads\/2023\/04\/Sin-titulo-11-768x768.jpg 768w, https:\/\/mapitrekkingperu.com\/wp-content\/uploads\/2023\/04\/Sin-titulo-11-12x12.jpg 12w\" sizes=\"(max-width: 1200px) 100vw, 1200px\" \/>                                                            <\/a>\n                                                        \t <p class=\"card-lavel\">\n\t\t\t\t\t\t\t\t\t\t\t\t\t\t\t\t\t\t\t<i class=\"bi bi-clock\"><\/i> \n\t\t\t\t\t\t\t\t\t\t                                \t\t                                \t\t<span>5 days\/ 4 days<\/span>\n\t                                \t\t                            <\/p>\n                                                    <\/div>\n                        <div class=\"package-card-body\">\n                        \t\t                        \t<h3 class=\"p-card-title\">\n\t                                <a href=\"https:\/\/mapitrekkingperu.com\/en\/producto\/salkantay-trek-to-machu-picchu\/\">\n\t                                    Salkantay trek to Machu Picchu\t                                <\/a>\n\t                            <\/h3>\n                        \t                            <h6 class=\"destination-address\">\n\t\t\t\t\t\t\t\t<i class=\"bi bi-geo-alt\"><\/i>\n\t\t\t\t\t\t\t\tCusco, Machu Picchu\t\t\t\t\t\t\t<\/h6>\n                            <div class=\"p-card-bottom\">\n                            \t                            \t\t<div class=\"book-btn\">\n\t                                    <a href=\"https:\/\/mapitrekkingperu.com\/en\/producto\/salkantay-trek-to-machu-picchu\/\">\n\t                                    \t\t\t\t\t\t\t\t\t\t\tReserva Ahora\t\t\t\t\t\t\t\t\t\t\t                                    \t\t\t\t\t\t\t\t\t\t\t\t\t<i class='bx bxs-right-arrow-alt'><\/i>\n\t\t\t\t\t\t\t\t\t\t\t\t                                \t<\/a>\n\t                                <\/div>\n                            \t\t\t\t\t\t\t\t\t\t                            \t<div class=\"p-card-info\">\n\t\t\t\t\t\t\t\t\t\t<span>From<\/span>\n\t\t\t\t\t\t\t\t\t\t<h6>\n\t\t\t\t\t\t\t\t\t\t\t\t\t\t\t\t\t\t\t\t\t\t\t\t\t\t\t\t\t\t\t\t\t\t\t\t$ 655.\t\t\t\t\t\t\t\t\t\t\t\t\t\t\t\t\t\t\t\t\t\t\t\t\t\t\t\t\t\t\t\t\t<\/h6>\n\t\t\t\t\t\t\t\t\t<\/div>\n                            \t                            <\/div>\n                        <\/div>\n                    <\/div>\n                <\/div>\n                        <\/div>\n\t\t<\/div>\n        \n    <\/div>\n\t\t\n\t\t\t\t<\/div>\n\t\t\t\t<\/div>\n\t\t\t\t\t<\/div>\n\t\t<\/div>\n\t\t\t\t\t<\/div>\n\t\t<\/section>\n\t\t\t\t<\/div>","protected":false},"excerpt":{"rendered":"<p>Lima \u2013 Per\u00fa Lima Reserva Ahora Cusco Per\u00fa Cusco Reserva Ahora Tour al Museo Larco (Almuerzo o Cena) Lima, tour en Lima Reserva Ahora De $ 85 1 d\u00eda Playa Tuquillo \u2013 La Pocita \u2013 Full Day Full Days Reserva Ahora De S\/ 99 1 d\u00eda Playa La Mina \u2013 Paracas \u2013 Full Day Full<\/p>","protected":false},"author":1,"featured_media":0,"parent":0,"menu_order":0,"comment_status":"closed","ping_status":"closed","template":"","meta":{"inline_featured_image":false,"_exactmetrics_skip_tracking":false,"_exactmetrics_sitenote_active":false,"_exactmetrics_sitenote_note":"","_exactmetrics_sitenote_category":0,"footnotes":""},"class_list":["post-2666","page","type-page","status-publish","hentry"],"_links":{"self":[{"href":"https:\/\/mapitrekkingperu.com\/en\/wp-json\/wp\/v2\/pages\/2666","targetHints":{"allow":["GET"]}}],"collection":[{"href":"https:\/\/mapitrekkingperu.com\/en\/wp-json\/wp\/v2\/pages"}],"about":[{"href":"https:\/\/mapitrekkingperu.com\/en\/wp-json\/wp\/v2\/types\/page"}],"author":[{"embeddable":true,"href":"https:\/\/mapitrekkingperu.com\/en\/wp-json\/wp\/v2\/users\/1"}],"replies":[{"embeddable":true,"href":"https:\/\/mapitrekkingperu.com\/en\/wp-json\/wp\/v2\/comments?post=2666"}],"version-history":[{"count":14,"href":"https:\/\/mapitrekkingperu.com\/en\/wp-json\/wp\/v2\/pages\/2666\/revisions"}],"predecessor-version":[{"id":2680,"href":"https:\/\/mapitrekkingperu.com\/en\/wp-json\/wp\/v2\/pages\/2666\/revisions\/2680"}],"wp:attachment":[{"href":"https:\/\/mapitrekkingperu.com\/en\/wp-json\/wp\/v2\/media?parent=2666"}],"curies":[{"name":"wp","href":"https:\/\/api.w.org\/{rel}","templated":true}]}}